{"id":2872,"date":"2024-07-23T10:44:53","date_gmt":"2024-07-23T08:44:53","guid":{"rendered":"https:\/\/enlite.testumgebung.vandesandt-stollner.de\/?page_id=2872"},"modified":"2025-01-23T11:31:02","modified_gmt":"2025-01-23T10:31:02","slug":"aktuelles","status":"publish","type":"page","link":"https:\/\/enlite.de\/en\/aktuelles\/","title":{"rendered":"<strong>Latest News<\/strong>"},"content":{"rendered":"<div class=\"fusion-fullwidth fullwidth-box fusion-builder-row-1 fusion-flex-container has-pattern-background has-mask-background nonhundred-percent-fullwidth non-hundred-percent-height-scrolling\" style=\"--awb-border-radius-top-left:0px;--awb-border-radius-top-right:0px;--awb-border-radius-bottom-right:0px;--awb-border-radius-bottom-left:0px;--awb-flex-wrap:wrap;\" ><div class=\"fusion-builder-row fusion-row fusion-flex-align-items-flex-start fusion-flex-justify-content-center fusion-flex-content-wrap\" style=\"max-width:1331.2px;margin-left: calc(-4% \/ 2 );margin-right: calc(-4% \/ 2 );\"><div class=\"fusion-layout-column fusion_builder_column fusion-builder-column-0 fusion_builder_column_1_1 1_1 fusion-flex-column\" style=\"--awb-bg-size:cover;--awb-width-large:100%;--awb-margin-top-large:16px;--awb-spacing-right-large:1.92%;--awb-margin-bottom-large:16px;--awb-spacing-left-large:1.92%;--awb-width-medium:100%;--awb-order-medium:0;--awb-spacing-right-medium:1.92%;--awb-spacing-left-medium:1.92%;--awb-width-small:100%;--awb-order-small:0;--awb-spacing-right-small:1.92%;--awb-spacing-left-small:1.92%;\"><div class=\"fusion-column-wrapper fusion-column-has-shadow fusion-flex-justify-content-flex-start fusion-content-layout-column\"><div class=\"fusion-post-cards fusion-post-cards-1 fusion-grid-archive fusion-grid-columns-3\" style=\"--awb-column-spacing:30px;--awb-dots-align:center;--awb-columns:3;--awb-active-filter-border-size:3px;--awb-filters-height:36px;--awb-row-spacing:60px;\" data-post-type-label=\"posts\"><ul class=\"fusion-grid fusion-grid-3 fusion-flex-align-items-stretch fusion-grid-posts-cards\"><li class=\"fusion-layout-column fusion_builder_column fusion-builder-column-1 fusion-flex-column blog-post-container post-card fusion-grid-column fusion-post-cards-grid-column\" style=\"--awb-overflow:hidden;--awb-bg-color:var(--awb-color1);--awb-bg-color-hover:var(--awb-color1);--awb-bg-size:cover;--awb-box-shadow:0px 1px 4px 0px rgba(0,0,0,0.16);;--awb-border-color:var(--awb-color1);--awb-border-radius:8px 8px 8px 8px;--awb-transform:scaleX(1) scaleY(1);--awb-transform-hover:scaleX(1.05) scaleY(1.05);--awb-flex-grow:1;--awb-flex-shrink:0;--awb-flex-grow-medium:0;--awb-flex-shrink-medium:0;--awb-flex-grow-small:0;--awb-flex-shrink-small:0;\"><div class=\"fusion-column-wrapper fusion-column-has-shadow fusion-flex-justify-content-flex-start fusion-content-layout-column\"><div class=\"fusion-image-element \" style=\"text-align:center;--awb-aspect-ratio:16 \/ 9;--awb-caption-title-font-family:var(--h2_typography-font-family);--awb-caption-title-font-weight:var(--h2_typography-font-weight);--awb-caption-title-font-style:var(--h2_typography-font-style);--awb-caption-title-size:var(--h2_typography-font-size);--awb-caption-title-transform:var(--h2_typography-text-transform);--awb-caption-title-line-height:var(--h2_typography-line-height);--awb-caption-title-letter-spacing:var(--h2_typography-letter-spacing);\"><span class=\" fusion-imageframe imageframe-none imageframe-1 hover-type-none has-aspect-ratio blog-post-image\"><a class=\"fusion-no-lightbox\" href=\"https:\/\/enlite.de\/en\/enlite-auf-der-karriereperspektiven-fuer-ingenieurinnen-2026\/\" target=\"_self\" aria-label=\"ENLITE auf der Karriereperspektiven f\u00fcr Ingenieur:innen 2026\"><img decoding=\"async\" width=\"900\" height=\"500\" alt=\"ENLITE auf der Karriereperspektiven f\u00fcr Ingenieur:innen 2026\" src=\"https:\/\/enlite.de\/wp-content\/uploads\/sites\/6\/2026\/04\/Website-Vorlage-mit-und-ohne-CD2.png\" data-orig-src=\"https:\/\/enlite.de\/wp-content\/uploads\/sites\/6\/2026\/04\/Website-Vorlage-mit-und-ohne-CD2.png\" class=\"lazyload img-responsive wp-image-7025 img-with-aspect-ratio\" data-parent-fit=\"cover\" data-parent-container=\".fusion-image-element\" srcset=\"data:image\/svg+xml,%3Csvg%20xmlns%3D%27http%3A%2F%2Fwww.w3.org%2F2000%2Fsvg%27%20width%3D%27900%27%20height%3D%27500%27%20viewBox%3D%270%200%20900%20500%27%3E%3Crect%20width%3D%27900%27%20height%3D%27500%27%20fill-opacity%3D%220%22%2F%3E%3C%2Fsvg%3E\" data-srcset=\"https:\/\/enlite.de\/wp-content\/uploads\/sites\/6\/2026\/04\/Website-Vorlage-mit-und-ohne-CD2-200x111.png 200w, https:\/\/enlite.de\/wp-content\/uploads\/sites\/6\/2026\/04\/Website-Vorlage-mit-und-ohne-CD2-400x222.png 400w, https:\/\/enlite.de\/wp-content\/uploads\/sites\/6\/2026\/04\/Website-Vorlage-mit-und-ohne-CD2-600x333.png 600w, https:\/\/enlite.de\/wp-content\/uploads\/sites\/6\/2026\/04\/Website-Vorlage-mit-und-ohne-CD2-800x444.png 800w, https:\/\/enlite.de\/wp-content\/uploads\/sites\/6\/2026\/04\/Website-Vorlage-mit-und-ohne-CD2.png 900w\" data-sizes=\"auto\" data-orig-sizes=\"(max-width: 640px) 100vw, 900px\" \/><\/a><\/span><\/div><div class=\"fusion-builder-row fusion-builder-row-inner fusion-row fusion-flex-align-items-flex-start fusion-flex-justify-content-center fusion-flex-content-wrap\" style=\"--awb-flex-grow:0;--awb-flex-grow-medium:0;--awb-flex-grow-small:0;--awb-flex-shrink:0;--awb-flex-shrink-medium:0;--awb-flex-shrink-small:0;width:104% !important;max-width:104% !important;margin-left: calc(-4% \/ 2 );margin-right: calc(-4% \/ 2 );\"><div class=\"fusion-layout-column fusion_builder_column_inner fusion-builder-nested-column-0 fusion_builder_column_inner_1_1 1_1 fusion-flex-column\" style=\"--awb-padding-right:1em;--awb-padding-left:1em;--awb-bg-size:cover;--awb-width-large:100%;--awb-margin-top-large:8px;--awb-spacing-right-large:1.92%;--awb-margin-bottom-large:0px;--awb-spacing-left-large:1.92%;--awb-width-medium:100%;--awb-order-medium:0;--awb-spacing-right-medium:1.92%;--awb-spacing-left-medium:1.92%;--awb-width-small:100%;--awb-order-small:0;--awb-spacing-right-small:1.92%;--awb-spacing-left-small:1.92%;\"><div class=\"fusion-column-wrapper fusion-column-has-shadow fusion-flex-justify-content-flex-start fusion-content-layout-column\"><div class=\"fusion-text fusion-text-1 fusion-text-no-margin\" style=\"--awb-font-size:14px;--awb-margin-bottom:0px;--awb-text-font-family:&quot;Source Sans 3&quot;;--awb-text-font-style:normal;--awb-text-font-weight:400;\"><p>28. April 2026<\/p>\n<\/div><div class=\"fusion-title title fusion-title-1 fusion-sep-none fusion-title-text fusion-title-size-four\" style=\"--awb-text-color:var(--awb-color3);--awb-margin-bottom:0.1em;--awb-margin-top-small:10px;--awb-margin-right-small:0px;--awb-margin-bottom-small:10px;--awb-margin-left-small:0px;--awb-font-size:22px;\"><h4 class=\"fusion-title-heading title-heading-left fusion-responsive-typography-calculated\" style=\"font-family:&quot;Source Sans 3&quot;;font-style:normal;font-weight:600;margin:0;font-size:1em;--fontSize:22;line-height:1.4;\"><a href=\"https:\/\/enlite.de\/en\/enlite-auf-der-karriereperspektiven-fuer-ingenieurinnen-2026\/\" class=\"awb-custom-text-color awb-custom-text-hover-color\" target=\"_self\">ENLITE auf der Karriereperspektiven f\u00fcr Ingenieur:innen 2026<\/a><\/h4><\/div><div class=\"fusion-separator fusion-full-width-sep\" style=\"align-self: center;margin-left: auto;margin-right: auto;margin-top:0.5em;margin-bottom:0.5em;width:100%;\"><div class=\"fusion-separator-border sep-single sep-solid\" style=\"--awb-height:20px;--awb-amount:20px;--awb-sep-color:var(--awb-custom_color_3);border-color:var(--awb-custom_color_3);border-top-width:1px;\"><\/div><\/div><div class=\"fusion-content-tb fusion-content-tb-1\" style=\"--awb-text-font-family:&quot;Source Sans 3&quot;;--awb-text-font-style:normal;--awb-text-font-weight:400;\"><p>Am 5. Mai 2026 ist ENLITE auf der Jobmesse \u201eKarriereperspektiven f\u00fcr Ingenieur:innen\u201c am Campus Duisburg vertreten. Zwischen 10 und 15 Uhr hast du die Gelegenheit, ENLITE pers\u00f6nlich kennenzulernen und ins [...]<\/p><\/div><\/div><\/div><\/div><\/div><\/li>\n<li class=\"fusion-layout-column fusion_builder_column fusion-builder-column-2 fusion-flex-column blog-post-container post-card fusion-grid-column fusion-post-cards-grid-column\" style=\"--awb-overflow:hidden;--awb-bg-color:var(--awb-color1);--awb-bg-color-hover:var(--awb-color1);--awb-bg-size:cover;--awb-box-shadow:0px 1px 4px 0px rgba(0,0,0,0.16);;--awb-border-color:var(--awb-color1);--awb-border-radius:8px 8px 8px 8px;--awb-transform:scaleX(1) scaleY(1);--awb-transform-hover:scaleX(1.05) scaleY(1.05);--awb-flex-grow:1;--awb-flex-shrink:0;--awb-flex-grow-medium:0;--awb-flex-shrink-medium:0;--awb-flex-grow-small:0;--awb-flex-shrink-small:0;\"><div class=\"fusion-column-wrapper fusion-column-has-shadow fusion-flex-justify-content-flex-start fusion-content-layout-column\"><div class=\"fusion-image-element \" style=\"text-align:center;--awb-aspect-ratio:16 \/ 9;--awb-caption-title-font-family:var(--h2_typography-font-family);--awb-caption-title-font-weight:var(--h2_typography-font-weight);--awb-caption-title-font-style:var(--h2_typography-font-style);--awb-caption-title-size:var(--h2_typography-font-size);--awb-caption-title-transform:var(--h2_typography-text-transform);--awb-caption-title-line-height:var(--h2_typography-line-height);--awb-caption-title-letter-spacing:var(--h2_typography-letter-spacing);\"><span class=\" fusion-imageframe imageframe-none imageframe-2 hover-type-none has-aspect-ratio blog-post-image\"><a class=\"fusion-no-lightbox\" href=\"https:\/\/enlite.de\/en\/enlite-auf-der-handelsblatt-stadtwerketagung-2026-erstmals-mit-eigener-masterclass\/\" target=\"_self\" aria-label=\"ENLITE auf der Handelsblatt Stadtwerketagung 2026 \u2013 erstmals mit eigener Masterclass\"><img decoding=\"async\" width=\"900\" height=\"500\" alt=\"ENLITE auf der Handelsblatt Stadtwerketagung 2026 \u2013 erstmals mit eigener Masterclass\" src=\"https:\/\/enlite.de\/wp-content\/uploads\/sites\/6\/2026\/04\/HB-Stadtwerke-Blogbeitrag.png\" data-orig-src=\"https:\/\/enlite.de\/wp-content\/uploads\/sites\/6\/2026\/04\/HB-Stadtwerke-Blogbeitrag.png\" class=\"lazyload img-responsive wp-image-7011 img-with-aspect-ratio\" data-parent-fit=\"cover\" data-parent-container=\".fusion-image-element\" srcset=\"data:image\/svg+xml,%3Csvg%20xmlns%3D%27http%3A%2F%2Fwww.w3.org%2F2000%2Fsvg%27%20width%3D%27900%27%20height%3D%27500%27%20viewBox%3D%270%200%20900%20500%27%3E%3Crect%20width%3D%27900%27%20height%3D%27500%27%20fill-opacity%3D%220%22%2F%3E%3C%2Fsvg%3E\" data-srcset=\"https:\/\/enlite.de\/wp-content\/uploads\/sites\/6\/2026\/04\/HB-Stadtwerke-Blogbeitrag-200x111.png 200w, https:\/\/enlite.de\/wp-content\/uploads\/sites\/6\/2026\/04\/HB-Stadtwerke-Blogbeitrag-400x222.png 400w, https:\/\/enlite.de\/wp-content\/uploads\/sites\/6\/2026\/04\/HB-Stadtwerke-Blogbeitrag-600x333.png 600w, https:\/\/enlite.de\/wp-content\/uploads\/sites\/6\/2026\/04\/HB-Stadtwerke-Blogbeitrag-800x444.png 800w, https:\/\/enlite.de\/wp-content\/uploads\/sites\/6\/2026\/04\/HB-Stadtwerke-Blogbeitrag.png 900w\" data-sizes=\"auto\" data-orig-sizes=\"(max-width: 640px) 100vw, 900px\" \/><\/a><\/span><\/div><div class=\"fusion-builder-row fusion-builder-row-inner fusion-row fusion-flex-align-items-flex-start fusion-flex-justify-content-center fusion-flex-content-wrap\" style=\"--awb-flex-grow:0;--awb-flex-grow-medium:0;--awb-flex-grow-small:0;--awb-flex-shrink:0;--awb-flex-shrink-medium:0;--awb-flex-shrink-small:0;width:104% !important;max-width:104% !important;margin-left: calc(-4% \/ 2 );margin-right: calc(-4% \/ 2 );\"><div class=\"fusion-layout-column fusion_builder_column_inner fusion-builder-nested-column-1 fusion_builder_column_inner_1_1 1_1 fusion-flex-column\" style=\"--awb-padding-right:1em;--awb-padding-left:1em;--awb-bg-size:cover;--awb-width-large:100%;--awb-margin-top-large:8px;--awb-spacing-right-large:1.92%;--awb-margin-bottom-large:0px;--awb-spacing-left-large:1.92%;--awb-width-medium:100%;--awb-order-medium:0;--awb-spacing-right-medium:1.92%;--awb-spacing-left-medium:1.92%;--awb-width-small:100%;--awb-order-small:0;--awb-spacing-right-small:1.92%;--awb-spacing-left-small:1.92%;\"><div class=\"fusion-column-wrapper fusion-column-has-shadow fusion-flex-justify-content-flex-start fusion-content-layout-column\"><div class=\"fusion-text fusion-text-2 fusion-text-no-margin\" style=\"--awb-font-size:14px;--awb-margin-bottom:0px;--awb-text-font-family:&quot;Source Sans 3&quot;;--awb-text-font-style:normal;--awb-text-font-weight:400;\"><p>14. April 2026<\/p>\n<\/div><div class=\"fusion-title title fusion-title-2 fusion-sep-none fusion-title-text fusion-title-size-four\" style=\"--awb-text-color:var(--awb-color3);--awb-margin-bottom:0.1em;--awb-margin-top-small:10px;--awb-margin-right-small:0px;--awb-margin-bottom-small:10px;--awb-margin-left-small:0px;--awb-font-size:22px;\"><h4 class=\"fusion-title-heading title-heading-left fusion-responsive-typography-calculated\" style=\"font-family:&quot;Source Sans 3&quot;;font-style:normal;font-weight:600;margin:0;font-size:1em;--fontSize:22;line-height:1.4;\"><a href=\"https:\/\/enlite.de\/en\/enlite-auf-der-handelsblatt-stadtwerketagung-2026-erstmals-mit-eigener-masterclass\/\" class=\"awb-custom-text-color awb-custom-text-hover-color\" target=\"_self\">ENLITE auf der Handelsblatt Stadtwerketagung 2026 \u2013 erstmals mit eigener Masterclass<\/a><\/h4><\/div><div class=\"fusion-separator fusion-full-width-sep\" style=\"align-self: center;margin-left: auto;margin-right: auto;margin-top:0.5em;margin-bottom:0.5em;width:100%;\"><div class=\"fusion-separator-border sep-single sep-solid\" style=\"--awb-height:20px;--awb-amount:20px;--awb-sep-color:var(--awb-custom_color_3);border-color:var(--awb-custom_color_3);border-top-width:1px;\"><\/div><\/div><div class=\"fusion-content-tb fusion-content-tb-2\" style=\"--awb-text-font-family:&quot;Source Sans 3&quot;;--awb-text-font-style:normal;--awb-text-font-weight:400;\"><p>Am 22. und 23. April findet die Handelsblatt Stadtwerketagung in Berlin statt \u2013 ein zentraler Treffpunkt f\u00fcr Entscheider:innen aus kommunalen Energieunternehmen. Auch ENLITE ist vor Ort vertreten und bringt sich [...]<\/p><\/div><\/div><\/div><\/div><\/div><\/li>\n<li class=\"fusion-layout-column fusion_builder_column fusion-builder-column-3 fusion-flex-column blog-post-container post-card fusion-grid-column fusion-post-cards-grid-column\" style=\"--awb-overflow:hidden;--awb-bg-color:var(--awb-color1);--awb-bg-color-hover:var(--awb-color1);--awb-bg-size:cover;--awb-box-shadow:0px 1px 4px 0px rgba(0,0,0,0.16);;--awb-border-color:var(--awb-color1);--awb-border-radius:8px 8px 8px 8px;--awb-transform:scaleX(1) scaleY(1);--awb-transform-hover:scaleX(1.05) scaleY(1.05);--awb-flex-grow:1;--awb-flex-shrink:0;--awb-flex-grow-medium:0;--awb-flex-shrink-medium:0;--awb-flex-grow-small:0;--awb-flex-shrink-small:0;\"><div class=\"fusion-column-wrapper fusion-column-has-shadow fusion-flex-justify-content-flex-start fusion-content-layout-column\"><div class=\"fusion-image-element \" style=\"text-align:center;--awb-aspect-ratio:16 \/ 9;--awb-caption-title-font-family:var(--h2_typography-font-family);--awb-caption-title-font-weight:var(--h2_typography-font-weight);--awb-caption-title-font-style:var(--h2_typography-font-style);--awb-caption-title-size:var(--h2_typography-font-size);--awb-caption-title-transform:var(--h2_typography-text-transform);--awb-caption-title-line-height:var(--h2_typography-line-height);--awb-caption-title-letter-spacing:var(--h2_typography-letter-spacing);\"><span class=\" fusion-imageframe imageframe-none imageframe-3 hover-type-none has-aspect-ratio blog-post-image\"><a class=\"fusion-no-lightbox\" href=\"https:\/\/enlite.de\/en\/enlite-erreicht-ecovadis-silber-ein-wichtiger-schritt-auf-unserem-nachhaltigkeitsweg\/\" target=\"_self\" aria-label=\"ENLITE erreicht EcoVadis Silber \u2013 ein wichtiger Schritt auf unserem Nachhaltigkeitsweg\"><img decoding=\"async\" width=\"900\" height=\"500\" alt=\"ENLITE erreicht EcoVadis Silber \u2013 ein wichtiger Schritt auf unserem Nachhaltigkeitsweg\" src=\"https:\/\/enlite.de\/wp-content\/uploads\/sites\/6\/2026\/04\/EcoVadis-Silber.png\" data-orig-src=\"https:\/\/enlite.de\/wp-content\/uploads\/sites\/6\/2026\/04\/EcoVadis-Silber.png\" class=\"lazyload img-responsive wp-image-7000 img-with-aspect-ratio\" data-parent-fit=\"cover\" data-parent-container=\".fusion-image-element\" srcset=\"data:image\/svg+xml,%3Csvg%20xmlns%3D%27http%3A%2F%2Fwww.w3.org%2F2000%2Fsvg%27%20width%3D%27900%27%20height%3D%27500%27%20viewBox%3D%270%200%20900%20500%27%3E%3Crect%20width%3D%27900%27%20height%3D%27500%27%20fill-opacity%3D%220%22%2F%3E%3C%2Fsvg%3E\" data-srcset=\"https:\/\/enlite.de\/wp-content\/uploads\/sites\/6\/2026\/04\/EcoVadis-Silber-200x111.png 200w, https:\/\/enlite.de\/wp-content\/uploads\/sites\/6\/2026\/04\/EcoVadis-Silber-400x222.png 400w, https:\/\/enlite.de\/wp-content\/uploads\/sites\/6\/2026\/04\/EcoVadis-Silber-600x333.png 600w, https:\/\/enlite.de\/wp-content\/uploads\/sites\/6\/2026\/04\/EcoVadis-Silber-800x444.png 800w, https:\/\/enlite.de\/wp-content\/uploads\/sites\/6\/2026\/04\/EcoVadis-Silber.png 900w\" data-sizes=\"auto\" data-orig-sizes=\"(max-width: 640px) 100vw, 900px\" \/><\/a><\/span><\/div><div class=\"fusion-builder-row fusion-builder-row-inner fusion-row fusion-flex-align-items-flex-start fusion-flex-justify-content-center fusion-flex-content-wrap\" style=\"--awb-flex-grow:0;--awb-flex-grow-medium:0;--awb-flex-grow-small:0;--awb-flex-shrink:0;--awb-flex-shrink-medium:0;--awb-flex-shrink-small:0;width:104% !important;max-width:104% !important;margin-left: calc(-4% \/ 2 );margin-right: calc(-4% \/ 2 );\"><div class=\"fusion-layout-column fusion_builder_column_inner fusion-builder-nested-column-2 fusion_builder_column_inner_1_1 1_1 fusion-flex-column\" style=\"--awb-padding-right:1em;--awb-padding-left:1em;--awb-bg-size:cover;--awb-width-large:100%;--awb-margin-top-large:8px;--awb-spacing-right-large:1.92%;--awb-margin-bottom-large:0px;--awb-spacing-left-large:1.92%;--awb-width-medium:100%;--awb-order-medium:0;--awb-spacing-right-medium:1.92%;--awb-spacing-left-medium:1.92%;--awb-width-small:100%;--awb-order-small:0;--awb-spacing-right-small:1.92%;--awb-spacing-left-small:1.92%;\"><div class=\"fusion-column-wrapper fusion-column-has-shadow fusion-flex-justify-content-flex-start fusion-content-layout-column\"><div class=\"fusion-text fusion-text-3 fusion-text-no-margin\" style=\"--awb-font-size:14px;--awb-margin-bottom:0px;--awb-text-font-family:&quot;Source Sans 3&quot;;--awb-text-font-style:normal;--awb-text-font-weight:400;\"><p>9. April 2026<\/p>\n<\/div><div class=\"fusion-title title fusion-title-3 fusion-sep-none fusion-title-text fusion-title-size-four\" style=\"--awb-text-color:var(--awb-color3);--awb-margin-bottom:0.1em;--awb-margin-top-small:10px;--awb-margin-right-small:0px;--awb-margin-bottom-small:10px;--awb-margin-left-small:0px;--awb-font-size:22px;\"><h4 class=\"fusion-title-heading title-heading-left fusion-responsive-typography-calculated\" style=\"font-family:&quot;Source Sans 3&quot;;font-style:normal;font-weight:600;margin:0;font-size:1em;--fontSize:22;line-height:1.4;\"><a href=\"https:\/\/enlite.de\/en\/enlite-erreicht-ecovadis-silber-ein-wichtiger-schritt-auf-unserem-nachhaltigkeitsweg\/\" class=\"awb-custom-text-color awb-custom-text-hover-color\" target=\"_self\">ENLITE erreicht EcoVadis Silber \u2013 ein wichtiger Schritt auf unserem Weg zur Nachhaltigkeit<\/a><\/h4><\/div><div class=\"fusion-separator fusion-full-width-sep\" style=\"align-self: center;margin-left: auto;margin-right: auto;margin-top:0.5em;margin-bottom:0.5em;width:100%;\"><div class=\"fusion-separator-border sep-single sep-solid\" style=\"--awb-height:20px;--awb-amount:20px;--awb-sep-color:var(--awb-custom_color_3);border-color:var(--awb-custom_color_3);border-top-width:1px;\"><\/div><\/div><div class=\"fusion-content-tb fusion-content-tb-3\" style=\"--awb-text-font-family:&quot;Source Sans 3&quot;;--awb-text-font-style:normal;--awb-text-font-weight:400;\"><p>Im aktuellen Nachhaltigkeitsrating von EcoVadis hat ENLITE die Silber-Auszeichnung erhalten. Die aktuelle Bewertung zeigt eine positive Entwicklung unserer Nachhaltigkeitsaktivit\u00e4ten seit der Bronze-Auszeichnung \u2013 insbesondere in den Bereichen Arbeits- und Menschenrechte, [...]<\/p><\/div><\/div><\/div><\/div><\/div><\/li>\n<li class=\"fusion-layout-column fusion_builder_column fusion-builder-column-4 fusion-flex-column blog-post-container post-card fusion-grid-column fusion-post-cards-grid-column\" style=\"--awb-overflow:hidden;--awb-bg-color:var(--awb-color1);--awb-bg-color-hover:var(--awb-color1);--awb-bg-size:cover;--awb-box-shadow:0px 1px 4px 0px rgba(0,0,0,0.16);;--awb-border-color:var(--awb-color1);--awb-border-radius:8px 8px 8px 8px;--awb-transform:scaleX(1) scaleY(1);--awb-transform-hover:scaleX(1.05) scaleY(1.05);--awb-flex-grow:1;--awb-flex-shrink:0;--awb-flex-grow-medium:0;--awb-flex-shrink-medium:0;--awb-flex-grow-small:0;--awb-flex-shrink-small:0;\"><div class=\"fusion-column-wrapper fusion-column-has-shadow fusion-flex-justify-content-flex-start fusion-content-layout-column\"><div class=\"fusion-image-element \" style=\"text-align:center;--awb-aspect-ratio:16 \/ 9;--awb-caption-title-font-family:var(--h2_typography-font-family);--awb-caption-title-font-weight:var(--h2_typography-font-weight);--awb-caption-title-font-style:var(--h2_typography-font-style);--awb-caption-title-size:var(--h2_typography-font-size);--awb-caption-title-transform:var(--h2_typography-text-transform);--awb-caption-title-line-height:var(--h2_typography-line-height);--awb-caption-title-letter-spacing:var(--h2_typography-letter-spacing);\"><span class=\" fusion-imageframe imageframe-none imageframe-4 hover-type-none has-aspect-ratio blog-post-image\"><a class=\"fusion-no-lightbox\" href=\"https:\/\/enlite.de\/en\/genehmigungsverfahren-fuer-freileitungen\/\" target=\"_self\" aria-label=\"Genehmigungsverfahren f\u00fcr Freileitungen \u2013 Einblicke in die Projektpraxis\"><img decoding=\"async\" width=\"900\" height=\"500\" alt=\"Genehmigungsverfahren f\u00fcr Freileitungen \u2013 Einblicke in die Projektpraxis\" src=\"https:\/\/enlite.de\/wp-content\/uploads\/sites\/6\/2026\/02\/Freileitungen_900x500.png\" data-orig-src=\"https:\/\/enlite.de\/wp-content\/uploads\/sites\/6\/2026\/02\/Freileitungen_900x500.png\" class=\"lazyload img-responsive wp-image-6905 img-with-aspect-ratio\" data-parent-fit=\"cover\" data-parent-container=\".fusion-image-element\" srcset=\"data:image\/svg+xml,%3Csvg%20xmlns%3D%27http%3A%2F%2Fwww.w3.org%2F2000%2Fsvg%27%20width%3D%27900%27%20height%3D%27500%27%20viewBox%3D%270%200%20900%20500%27%3E%3Crect%20width%3D%27900%27%20height%3D%27500%27%20fill-opacity%3D%220%22%2F%3E%3C%2Fsvg%3E\" data-srcset=\"https:\/\/enlite.de\/wp-content\/uploads\/sites\/6\/2026\/02\/Freileitungen_900x500-200x111.png 200w, https:\/\/enlite.de\/wp-content\/uploads\/sites\/6\/2026\/02\/Freileitungen_900x500-400x222.png 400w, https:\/\/enlite.de\/wp-content\/uploads\/sites\/6\/2026\/02\/Freileitungen_900x500-600x333.png 600w, https:\/\/enlite.de\/wp-content\/uploads\/sites\/6\/2026\/02\/Freileitungen_900x500-800x444.png 800w, https:\/\/enlite.de\/wp-content\/uploads\/sites\/6\/2026\/02\/Freileitungen_900x500.png 900w\" data-sizes=\"auto\" data-orig-sizes=\"(max-width: 640px) 100vw, 900px\" \/><\/a><\/span><\/div><div class=\"fusion-builder-row fusion-builder-row-inner fusion-row fusion-flex-align-items-flex-start fusion-flex-justify-content-center fusion-flex-content-wrap\" style=\"--awb-flex-grow:0;--awb-flex-grow-medium:0;--awb-flex-grow-small:0;--awb-flex-shrink:0;--awb-flex-shrink-medium:0;--awb-flex-shrink-small:0;width:104% !important;max-width:104% !important;margin-left: calc(-4% \/ 2 );margin-right: calc(-4% \/ 2 );\"><div class=\"fusion-layout-column fusion_builder_column_inner fusion-builder-nested-column-3 fusion_builder_column_inner_1_1 1_1 fusion-flex-column\" style=\"--awb-padding-right:1em;--awb-padding-left:1em;--awb-bg-size:cover;--awb-width-large:100%;--awb-margin-top-large:8px;--awb-spacing-right-large:1.92%;--awb-margin-bottom-large:0px;--awb-spacing-left-large:1.92%;--awb-width-medium:100%;--awb-order-medium:0;--awb-spacing-right-medium:1.92%;--awb-spacing-left-medium:1.92%;--awb-width-small:100%;--awb-order-small:0;--awb-spacing-right-small:1.92%;--awb-spacing-left-small:1.92%;\"><div class=\"fusion-column-wrapper fusion-column-has-shadow fusion-flex-justify-content-flex-start fusion-content-layout-column\"><div class=\"fusion-text fusion-text-4 fusion-text-no-margin\" style=\"--awb-font-size:14px;--awb-margin-bottom:0px;--awb-text-font-family:&quot;Source Sans 3&quot;;--awb-text-font-style:normal;--awb-text-font-weight:400;\"><p>10. March 2026<\/p>\n<\/div><div class=\"fusion-title title fusion-title-4 fusion-sep-none fusion-title-text fusion-title-size-four\" style=\"--awb-text-color:var(--awb-color3);--awb-margin-bottom:0.1em;--awb-margin-top-small:10px;--awb-margin-right-small:0px;--awb-margin-bottom-small:10px;--awb-margin-left-small:0px;--awb-font-size:22px;\"><h4 class=\"fusion-title-heading title-heading-left fusion-responsive-typography-calculated\" style=\"font-family:&quot;Source Sans 3&quot;;font-style:normal;font-weight:600;margin:0;font-size:1em;--fontSize:22;line-height:1.4;\"><a href=\"https:\/\/enlite.de\/en\/genehmigungsverfahren-fuer-freileitungen\/\" class=\"awb-custom-text-color awb-custom-text-hover-color\" target=\"_self\">Genehmigungsverfahren f\u00fcr Freileitungen \u2013 Einblicke in die Projektpraxis<\/a><\/h4><\/div><div class=\"fusion-separator fusion-full-width-sep\" style=\"align-self: center;margin-left: auto;margin-right: auto;margin-top:0.5em;margin-bottom:0.5em;width:100%;\"><div class=\"fusion-separator-border sep-single sep-solid\" style=\"--awb-height:20px;--awb-amount:20px;--awb-sep-color:var(--awb-custom_color_3);border-color:var(--awb-custom_color_3);border-top-width:1px;\"><\/div><\/div><div class=\"fusion-content-tb fusion-content-tb-4\" style=\"--awb-text-font-family:&quot;Source Sans 3&quot;;--awb-text-font-style:normal;--awb-text-font-weight:400;\"><p>Der Ausbau der Stromnetze ist eine der zentralen Voraussetzungen f\u00fcr die Energiewende. Neue Freileitungen verbinden Regionen, schaffen Versorgungssicherheit und erm\u00f6glichen die Integration erneuerbarer Energien ins Stromnetz. Doch bevor der erste [...]<\/p><\/div><\/div><\/div><\/div><\/div><\/li>\n<li class=\"fusion-layout-column fusion_builder_column fusion-builder-column-5 fusion-flex-column blog-post-container post-card fusion-grid-column fusion-post-cards-grid-column\" style=\"--awb-overflow:hidden;--awb-bg-color:var(--awb-color1);--awb-bg-color-hover:var(--awb-color1);--awb-bg-size:cover;--awb-box-shadow:0px 1px 4px 0px rgba(0,0,0,0.16);;--awb-border-color:var(--awb-color1);--awb-border-radius:8px 8px 8px 8px;--awb-transform:scaleX(1) scaleY(1);--awb-transform-hover:scaleX(1.05) scaleY(1.05);--awb-flex-grow:1;--awb-flex-shrink:0;--awb-flex-grow-medium:0;--awb-flex-shrink-medium:0;--awb-flex-grow-small:0;--awb-flex-shrink-small:0;\"><div class=\"fusion-column-wrapper fusion-column-has-shadow fusion-flex-justify-content-flex-start fusion-content-layout-column\"><div class=\"fusion-image-element \" style=\"text-align:center;--awb-aspect-ratio:16 \/ 9;--awb-caption-title-font-family:var(--h2_typography-font-family);--awb-caption-title-font-weight:var(--h2_typography-font-weight);--awb-caption-title-font-style:var(--h2_typography-font-style);--awb-caption-title-size:var(--h2_typography-font-size);--awb-caption-title-transform:var(--h2_typography-text-transform);--awb-caption-title-line-height:var(--h2_typography-line-height);--awb-caption-title-letter-spacing:var(--h2_typography-letter-spacing);\"><span class=\" fusion-imageframe imageframe-none imageframe-5 hover-type-none has-aspect-ratio blog-post-image\"><a class=\"fusion-no-lightbox\" href=\"https:\/\/enlite.de\/en\/erfolgreiche-installation-der-offshore-plattform-oss-jasmund-markiert-bedeutenden-fortschritt\/\" target=\"_self\" aria-label=\"Erfolgreiche Installation der Offshore-Plattform OSS Jasmund markiert bedeutenden Fortschritt\"><img decoding=\"async\" width=\"900\" height=\"500\" alt=\"Erfolgreiche Installation der Offshore-Plattform OSS Jasmund markiert bedeutenden Fortschritt\" src=\"https:\/\/enlite.de\/wp-content\/uploads\/sites\/6\/2026\/03\/OSS-50Hertz-Beitragsbild.png\" data-orig-src=\"https:\/\/enlite.de\/wp-content\/uploads\/sites\/6\/2026\/03\/OSS-50Hertz-Beitragsbild.png\" class=\"lazyload img-responsive wp-image-6915 img-with-aspect-ratio\" data-parent-fit=\"cover\" data-parent-container=\".fusion-image-element\" srcset=\"data:image\/svg+xml,%3Csvg%20xmlns%3D%27http%3A%2F%2Fwww.w3.org%2F2000%2Fsvg%27%20width%3D%27900%27%20height%3D%27500%27%20viewBox%3D%270%200%20900%20500%27%3E%3Crect%20width%3D%27900%27%20height%3D%27500%27%20fill-opacity%3D%220%22%2F%3E%3C%2Fsvg%3E\" data-srcset=\"https:\/\/enlite.de\/wp-content\/uploads\/sites\/6\/2026\/03\/OSS-50Hertz-Beitragsbild-200x111.png 200w, https:\/\/enlite.de\/wp-content\/uploads\/sites\/6\/2026\/03\/OSS-50Hertz-Beitragsbild-400x222.png 400w, https:\/\/enlite.de\/wp-content\/uploads\/sites\/6\/2026\/03\/OSS-50Hertz-Beitragsbild-600x333.png 600w, https:\/\/enlite.de\/wp-content\/uploads\/sites\/6\/2026\/03\/OSS-50Hertz-Beitragsbild-800x444.png 800w, https:\/\/enlite.de\/wp-content\/uploads\/sites\/6\/2026\/03\/OSS-50Hertz-Beitragsbild.png 900w\" data-sizes=\"auto\" data-orig-sizes=\"(max-width: 640px) 100vw, 900px\" \/><\/a><\/span><\/div><div class=\"fusion-builder-row fusion-builder-row-inner fusion-row fusion-flex-align-items-flex-start fusion-flex-justify-content-center fusion-flex-content-wrap\" style=\"--awb-flex-grow:0;--awb-flex-grow-medium:0;--awb-flex-grow-small:0;--awb-flex-shrink:0;--awb-flex-shrink-medium:0;--awb-flex-shrink-small:0;width:104% !important;max-width:104% !important;margin-left: calc(-4% \/ 2 );margin-right: calc(-4% \/ 2 );\"><div class=\"fusion-layout-column fusion_builder_column_inner fusion-builder-nested-column-4 fusion_builder_column_inner_1_1 1_1 fusion-flex-column\" style=\"--awb-padding-right:1em;--awb-padding-left:1em;--awb-bg-size:cover;--awb-width-large:100%;--awb-margin-top-large:8px;--awb-spacing-right-large:1.92%;--awb-margin-bottom-large:0px;--awb-spacing-left-large:1.92%;--awb-width-medium:100%;--awb-order-medium:0;--awb-spacing-right-medium:1.92%;--awb-spacing-left-medium:1.92%;--awb-width-small:100%;--awb-order-small:0;--awb-spacing-right-small:1.92%;--awb-spacing-left-small:1.92%;\"><div class=\"fusion-column-wrapper fusion-column-has-shadow fusion-flex-justify-content-flex-start fusion-content-layout-column\"><div class=\"fusion-text fusion-text-5 fusion-text-no-margin\" style=\"--awb-font-size:14px;--awb-margin-bottom:0px;--awb-text-font-family:&quot;Source Sans 3&quot;;--awb-text-font-style:normal;--awb-text-font-weight:400;\"><p>3. March 2026<\/p>\n<\/div><div class=\"fusion-title title fusion-title-5 fusion-sep-none fusion-title-text fusion-title-size-four\" style=\"--awb-text-color:var(--awb-color3);--awb-margin-bottom:0.1em;--awb-margin-top-small:10px;--awb-margin-right-small:0px;--awb-margin-bottom-small:10px;--awb-margin-left-small:0px;--awb-font-size:22px;\"><h4 class=\"fusion-title-heading title-heading-left fusion-responsive-typography-calculated\" style=\"font-family:&quot;Source Sans 3&quot;;font-style:normal;font-weight:600;margin:0;font-size:1em;--fontSize:22;line-height:1.4;\"><a href=\"https:\/\/enlite.de\/en\/erfolgreiche-installation-der-offshore-plattform-oss-jasmund-markiert-bedeutenden-fortschritt\/\" class=\"awb-custom-text-color awb-custom-text-hover-color\" target=\"_self\">Erfolgreiche Installation der Offshore-Plattform OSS Jasmund markiert bedeutenden Fortschritt<\/a><\/h4><\/div><div class=\"fusion-separator fusion-full-width-sep\" style=\"align-self: center;margin-left: auto;margin-right: auto;margin-top:0.5em;margin-bottom:0.5em;width:100%;\"><div class=\"fusion-separator-border sep-single sep-solid\" style=\"--awb-height:20px;--awb-amount:20px;--awb-sep-color:var(--awb-custom_color_3);border-color:var(--awb-custom_color_3);border-top-width:1px;\"><\/div><\/div><div class=\"fusion-content-tb fusion-content-tb-5\" style=\"--awb-text-font-family:&quot;Source Sans 3&quot;;--awb-text-font-style:normal;--awb-text-font-weight:400;\"><p>Im Rahmen des Gro\u00dfprojekts Ostwind 3 ist 50Hertz ein entscheidender Schritt gelungen: die Installation der Offshore-Plattform OSS Jasmund Ende Dezember 2025 rund 40 Kilometer vor der K\u00fcste R\u00fcgens. Damit wurde [...]<\/p><\/div><\/div><\/div><\/div><\/div><\/li>\n<li class=\"fusion-layout-column fusion_builder_column fusion-builder-column-6 fusion-flex-column blog-post-container post-card fusion-grid-column fusion-post-cards-grid-column\" style=\"--awb-overflow:hidden;--awb-bg-color:var(--awb-color1);--awb-bg-color-hover:var(--awb-color1);--awb-bg-size:cover;--awb-box-shadow:0px 1px 4px 0px rgba(0,0,0,0.16);;--awb-border-color:var(--awb-color1);--awb-border-radius:8px 8px 8px 8px;--awb-transform:scaleX(1) scaleY(1);--awb-transform-hover:scaleX(1.05) scaleY(1.05);--awb-flex-grow:1;--awb-flex-shrink:0;--awb-flex-grow-medium:0;--awb-flex-shrink-medium:0;--awb-flex-grow-small:0;--awb-flex-shrink-small:0;\"><div class=\"fusion-column-wrapper fusion-column-has-shadow fusion-flex-justify-content-flex-start fusion-content-layout-column\"><div class=\"fusion-image-element \" style=\"text-align:center;--awb-aspect-ratio:16 \/ 9;--awb-caption-title-font-family:var(--h2_typography-font-family);--awb-caption-title-font-weight:var(--h2_typography-font-weight);--awb-caption-title-font-style:var(--h2_typography-font-style);--awb-caption-title-size:var(--h2_typography-font-size);--awb-caption-title-transform:var(--h2_typography-text-transform);--awb-caption-title-line-height:var(--h2_typography-line-height);--awb-caption-title-letter-spacing:var(--h2_typography-letter-spacing);\"><span class=\" fusion-imageframe imageframe-none imageframe-6 hover-type-none has-aspect-ratio blog-post-image\"><a class=\"fusion-no-lightbox\" href=\"https:\/\/enlite.de\/en\/integration-der-eip-erweiterte-kompetenzen-unter-dem-dach-von-enlite\/\" target=\"_self\" aria-label=\"Integration der EiP Experts in Projects GmbH \u2013 Erweiterte Kompetenzen unter dem Dach von ENLITE\"><img decoding=\"async\" width=\"900\" height=\"500\" alt=\"Integration der EiP Experts in Projects GmbH \u2013 Erweiterte Kompetenzen unter dem Dach von ENLITE\" src=\"https:\/\/enlite.de\/wp-content\/uploads\/sites\/6\/2026\/03\/Website-EiP-Transition2.jpg\" data-orig-src=\"https:\/\/enlite.de\/wp-content\/uploads\/sites\/6\/2026\/03\/Website-EiP-Transition2.jpg\" class=\"lazyload img-responsive wp-image-6922 img-with-aspect-ratio\" data-parent-fit=\"cover\" data-parent-container=\".fusion-image-element\" srcset=\"data:image\/svg+xml,%3Csvg%20xmlns%3D%27http%3A%2F%2Fwww.w3.org%2F2000%2Fsvg%27%20width%3D%27900%27%20height%3D%27500%27%20viewBox%3D%270%200%20900%20500%27%3E%3Crect%20width%3D%27900%27%20height%3D%27500%27%20fill-opacity%3D%220%22%2F%3E%3C%2Fsvg%3E\" data-srcset=\"https:\/\/enlite.de\/wp-content\/uploads\/sites\/6\/2026\/03\/Website-EiP-Transition2-200x111.jpg 200w, https:\/\/enlite.de\/wp-content\/uploads\/sites\/6\/2026\/03\/Website-EiP-Transition2-400x222.jpg 400w, https:\/\/enlite.de\/wp-content\/uploads\/sites\/6\/2026\/03\/Website-EiP-Transition2-600x333.jpg 600w, https:\/\/enlite.de\/wp-content\/uploads\/sites\/6\/2026\/03\/Website-EiP-Transition2-800x444.jpg 800w, https:\/\/enlite.de\/wp-content\/uploads\/sites\/6\/2026\/03\/Website-EiP-Transition2.jpg 900w\" data-sizes=\"auto\" data-orig-sizes=\"(max-width: 640px) 100vw, 900px\" \/><\/a><\/span><\/div><div class=\"fusion-builder-row fusion-builder-row-inner fusion-row fusion-flex-align-items-flex-start fusion-flex-justify-content-center fusion-flex-content-wrap\" style=\"--awb-flex-grow:0;--awb-flex-grow-medium:0;--awb-flex-grow-small:0;--awb-flex-shrink:0;--awb-flex-shrink-medium:0;--awb-flex-shrink-small:0;width:104% !important;max-width:104% !important;margin-left: calc(-4% \/ 2 );margin-right: calc(-4% \/ 2 );\"><div class=\"fusion-layout-column fusion_builder_column_inner fusion-builder-nested-column-5 fusion_builder_column_inner_1_1 1_1 fusion-flex-column\" style=\"--awb-padding-right:1em;--awb-padding-left:1em;--awb-bg-size:cover;--awb-width-large:100%;--awb-margin-top-large:8px;--awb-spacing-right-large:1.92%;--awb-margin-bottom-large:0px;--awb-spacing-left-large:1.92%;--awb-width-medium:100%;--awb-order-medium:0;--awb-spacing-right-medium:1.92%;--awb-spacing-left-medium:1.92%;--awb-width-small:100%;--awb-order-small:0;--awb-spacing-right-small:1.92%;--awb-spacing-left-small:1.92%;\"><div class=\"fusion-column-wrapper fusion-column-has-shadow fusion-flex-justify-content-flex-start fusion-content-layout-column\"><div class=\"fusion-text fusion-text-6 fusion-text-no-margin\" style=\"--awb-font-size:14px;--awb-margin-bottom:0px;--awb-text-font-family:&quot;Source Sans 3&quot;;--awb-text-font-style:normal;--awb-text-font-weight:400;\"><p>15. February 2026<\/p>\n<\/div><div class=\"fusion-title title fusion-title-6 fusion-sep-none fusion-title-text fusion-title-size-four\" style=\"--awb-text-color:var(--awb-color3);--awb-margin-bottom:0.1em;--awb-margin-top-small:10px;--awb-margin-right-small:0px;--awb-margin-bottom-small:10px;--awb-margin-left-small:0px;--awb-font-size:22px;\"><h4 class=\"fusion-title-heading title-heading-left fusion-responsive-typography-calculated\" style=\"font-family:&quot;Source Sans 3&quot;;font-style:normal;font-weight:600;margin:0;font-size:1em;--fontSize:22;line-height:1.4;\"><a href=\"https:\/\/enlite.de\/en\/integration-der-eip-erweiterte-kompetenzen-unter-dem-dach-von-enlite\/\" class=\"awb-custom-text-color awb-custom-text-hover-color\" target=\"_self\">Integration der EiP Experts in Projects GmbH \u2013 Erweiterte Kompetenzen unter dem Dach von ENLITE<\/a><\/h4><\/div><div class=\"fusion-separator fusion-full-width-sep\" style=\"align-self: center;margin-left: auto;margin-right: auto;margin-top:0.5em;margin-bottom:0.5em;width:100%;\"><div class=\"fusion-separator-border sep-single sep-solid\" style=\"--awb-height:20px;--awb-amount:20px;--awb-sep-color:var(--awb-custom_color_3);border-color:var(--awb-custom_color_3);border-top-width:1px;\"><\/div><\/div><div class=\"fusion-content-tb fusion-content-tb-6\" style=\"--awb-text-font-family:&quot;Source Sans 3&quot;;--awb-text-font-style:normal;--awb-text-font-weight:400;\"><p>Zum Jahresanfang 2026 m\u00f6chte ENLITE einen bedeutenden Schritt mit Ihnen teilen: Seit dem 1. Januar 2026 ist die EiP Experts in Projects GmbH vollst\u00e4ndig in die ENLITE Management &amp; Engineering [...]<\/p><\/div><\/div><\/div><\/div><\/div><\/li>\n<li class=\"fusion-layout-column fusion_builder_column fusion-builder-column-7 fusion-flex-column blog-post-container post-card fusion-grid-column fusion-post-cards-grid-column\" style=\"--awb-overflow:hidden;--awb-bg-color:var(--awb-color1);--awb-bg-color-hover:var(--awb-color1);--awb-bg-size:cover;--awb-box-shadow:0px 1px 4px 0px rgba(0,0,0,0.16);;--awb-border-color:var(--awb-color1);--awb-border-radius:8px 8px 8px 8px;--awb-transform:scaleX(1) scaleY(1);--awb-transform-hover:scaleX(1.05) scaleY(1.05);--awb-flex-grow:1;--awb-flex-shrink:0;--awb-flex-grow-medium:0;--awb-flex-shrink-medium:0;--awb-flex-grow-small:0;--awb-flex-shrink-small:0;\"><div class=\"fusion-column-wrapper fusion-column-has-shadow fusion-flex-justify-content-flex-start fusion-content-layout-column\"><div class=\"fusion-image-element \" style=\"text-align:center;--awb-aspect-ratio:16 \/ 9;--awb-caption-title-font-family:var(--h2_typography-font-family);--awb-caption-title-font-weight:var(--h2_typography-font-weight);--awb-caption-title-font-style:var(--h2_typography-font-style);--awb-caption-title-size:var(--h2_typography-font-size);--awb-caption-title-transform:var(--h2_typography-text-transform);--awb-caption-title-line-height:var(--h2_typography-line-height);--awb-caption-title-letter-spacing:var(--h2_typography-letter-spacing);\"><span class=\" fusion-imageframe imageframe-none imageframe-7 hover-type-none has-aspect-ratio blog-post-image\"><a class=\"fusion-no-lightbox\" href=\"https:\/\/enlite.de\/en\/deine-jobmesse-2026-in-hamburg-und-berlin\/\" target=\"_self\" aria-label=\"Deine Jobmesse 2026\"><img decoding=\"async\" width=\"900\" height=\"500\" alt=\"Deine Jobmesse 2026 Beitragsbild\" src=\"https:\/\/enlite.de\/wp-content\/uploads\/sites\/6\/2026\/02\/Deine-Jobmesse-2026-Website.jpg\" data-orig-src=\"https:\/\/enlite.de\/wp-content\/uploads\/sites\/6\/2026\/02\/Deine-Jobmesse-2026-Website.jpg\" class=\"lazyload img-responsive wp-image-6862 img-with-aspect-ratio\" data-parent-fit=\"cover\" data-parent-container=\".fusion-image-element\" srcset=\"data:image\/svg+xml,%3Csvg%20xmlns%3D%27http%3A%2F%2Fwww.w3.org%2F2000%2Fsvg%27%20width%3D%27900%27%20height%3D%27500%27%20viewBox%3D%270%200%20900%20500%27%3E%3Crect%20width%3D%27900%27%20height%3D%27500%27%20fill-opacity%3D%220%22%2F%3E%3C%2Fsvg%3E\" data-srcset=\"https:\/\/enlite.de\/wp-content\/uploads\/sites\/6\/2026\/02\/Deine-Jobmesse-2026-Website-200x111.jpg 200w, https:\/\/enlite.de\/wp-content\/uploads\/sites\/6\/2026\/02\/Deine-Jobmesse-2026-Website-400x222.jpg 400w, https:\/\/enlite.de\/wp-content\/uploads\/sites\/6\/2026\/02\/Deine-Jobmesse-2026-Website-600x333.jpg 600w, https:\/\/enlite.de\/wp-content\/uploads\/sites\/6\/2026\/02\/Deine-Jobmesse-2026-Website-800x444.jpg 800w, https:\/\/enlite.de\/wp-content\/uploads\/sites\/6\/2026\/02\/Deine-Jobmesse-2026-Website.jpg 900w\" data-sizes=\"auto\" data-orig-sizes=\"(max-width: 640px) 100vw, 900px\" \/><\/a><\/span><\/div><div class=\"fusion-builder-row fusion-builder-row-inner fusion-row fusion-flex-align-items-flex-start fusion-flex-justify-content-center fusion-flex-content-wrap\" style=\"--awb-flex-grow:0;--awb-flex-grow-medium:0;--awb-flex-grow-small:0;--awb-flex-shrink:0;--awb-flex-shrink-medium:0;--awb-flex-shrink-small:0;width:104% !important;max-width:104% !important;margin-left: calc(-4% \/ 2 );margin-right: calc(-4% \/ 2 );\"><div class=\"fusion-layout-column fusion_builder_column_inner fusion-builder-nested-column-6 fusion_builder_column_inner_1_1 1_1 fusion-flex-column\" style=\"--awb-padding-right:1em;--awb-padding-left:1em;--awb-bg-size:cover;--awb-width-large:100%;--awb-margin-top-large:8px;--awb-spacing-right-large:1.92%;--awb-margin-bottom-large:0px;--awb-spacing-left-large:1.92%;--awb-width-medium:100%;--awb-order-medium:0;--awb-spacing-right-medium:1.92%;--awb-spacing-left-medium:1.92%;--awb-width-small:100%;--awb-order-small:0;--awb-spacing-right-small:1.92%;--awb-spacing-left-small:1.92%;\"><div class=\"fusion-column-wrapper fusion-column-has-shadow fusion-flex-justify-content-flex-start fusion-content-layout-column\"><div class=\"fusion-text fusion-text-7 fusion-text-no-margin\" style=\"--awb-font-size:14px;--awb-margin-bottom:0px;--awb-text-font-family:&quot;Source Sans 3&quot;;--awb-text-font-style:normal;--awb-text-font-weight:400;\"><p>12. February 2026<\/p>\n<\/div><div class=\"fusion-title title fusion-title-7 fusion-sep-none fusion-title-text fusion-title-size-four\" style=\"--awb-text-color:var(--awb-color3);--awb-margin-bottom:0.1em;--awb-margin-top-small:10px;--awb-margin-right-small:0px;--awb-margin-bottom-small:10px;--awb-margin-left-small:0px;--awb-font-size:22px;\"><h4 class=\"fusion-title-heading title-heading-left fusion-responsive-typography-calculated\" style=\"font-family:&quot;Source Sans 3&quot;;font-style:normal;font-weight:600;margin:0;font-size:1em;--fontSize:22;line-height:1.4;\"><a href=\"https:\/\/enlite.de\/en\/deine-jobmesse-2026-in-hamburg-und-berlin\/\" class=\"awb-custom-text-color awb-custom-text-hover-color\" target=\"_self\">\u201eDeine Jobmesse\u201c 2026 in Hamburg und Berlin<\/a><\/h4><\/div><div class=\"fusion-separator fusion-full-width-sep\" style=\"align-self: center;margin-left: auto;margin-right: auto;margin-top:0.5em;margin-bottom:0.5em;width:100%;\"><div class=\"fusion-separator-border sep-single sep-solid\" style=\"--awb-height:20px;--awb-amount:20px;--awb-sep-color:var(--awb-custom_color_3);border-color:var(--awb-custom_color_3);border-top-width:1px;\"><\/div><\/div><div class=\"fusion-content-tb fusion-content-tb-7\" style=\"--awb-text-font-family:&quot;Source Sans 3&quot;;--awb-text-font-style:normal;--awb-text-font-weight:400;\"><p> Im Februar 2026 ist ENLITE erstmals bei \u201eDeine Jobmesse\u201c in zwei der bev\u00f6lkerungsreichsten St\u00e4dte Deutschlands vertreten. Am ENLITE-Stand bekommen Interessierte einen Einblick in berufliche Perspektiven in der Energiewirtschaft, im [...]<\/p><\/div><\/div><\/div><\/div><\/div><\/li>\n<li class=\"fusion-layout-column fusion_builder_column fusion-builder-column-8 fusion-flex-column blog-post-container post-card fusion-grid-column fusion-post-cards-grid-column\" style=\"--awb-overflow:hidden;--awb-bg-color:var(--awb-color1);--awb-bg-color-hover:var(--awb-color1);--awb-bg-size:cover;--awb-box-shadow:0px 1px 4px 0px rgba(0,0,0,0.16);;--awb-border-color:var(--awb-color1);--awb-border-radius:8px 8px 8px 8px;--awb-transform:scaleX(1) scaleY(1);--awb-transform-hover:scaleX(1.05) scaleY(1.05);--awb-flex-grow:1;--awb-flex-shrink:0;--awb-flex-grow-medium:0;--awb-flex-shrink-medium:0;--awb-flex-grow-small:0;--awb-flex-shrink-small:0;\"><div class=\"fusion-column-wrapper fusion-column-has-shadow fusion-flex-justify-content-flex-start fusion-content-layout-column\"><div class=\"fusion-image-element \" style=\"text-align:center;--awb-aspect-ratio:16 \/ 9;--awb-caption-title-font-family:var(--h2_typography-font-family);--awb-caption-title-font-weight:var(--h2_typography-font-weight);--awb-caption-title-font-style:var(--h2_typography-font-style);--awb-caption-title-size:var(--h2_typography-font-size);--awb-caption-title-transform:var(--h2_typography-text-transform);--awb-caption-title-line-height:var(--h2_typography-line-height);--awb-caption-title-letter-spacing:var(--h2_typography-letter-spacing);\"><span class=\" fusion-imageframe imageframe-none imageframe-8 hover-type-none has-aspect-ratio blog-post-image\"><a class=\"fusion-no-lightbox\" href=\"https:\/\/enlite.de\/en\/enlite-auf-der-e-world-2026-in-essen\/\" target=\"_self\" aria-label=\"ENLITE auf der E\u2011world 2026 in Essen\"><img decoding=\"async\" width=\"900\" height=\"500\" alt=\"Banner E-world 2026\" src=\"https:\/\/enlite.de\/wp-content\/uploads\/sites\/6\/2026\/02\/E-world-Website-Beitragsbild.jpg\" data-orig-src=\"https:\/\/enlite.de\/wp-content\/uploads\/sites\/6\/2026\/02\/E-world-Website-Beitragsbild.jpg\" class=\"lazyload img-responsive wp-image-6837 img-with-aspect-ratio\" data-parent-fit=\"cover\" data-parent-container=\".fusion-image-element\" srcset=\"data:image\/svg+xml,%3Csvg%20xmlns%3D%27http%3A%2F%2Fwww.w3.org%2F2000%2Fsvg%27%20width%3D%27900%27%20height%3D%27500%27%20viewBox%3D%270%200%20900%20500%27%3E%3Crect%20width%3D%27900%27%20height%3D%27500%27%20fill-opacity%3D%220%22%2F%3E%3C%2Fsvg%3E\" data-srcset=\"https:\/\/enlite.de\/wp-content\/uploads\/sites\/6\/2026\/02\/E-world-Website-Beitragsbild-200x111.jpg 200w, https:\/\/enlite.de\/wp-content\/uploads\/sites\/6\/2026\/02\/E-world-Website-Beitragsbild-400x222.jpg 400w, https:\/\/enlite.de\/wp-content\/uploads\/sites\/6\/2026\/02\/E-world-Website-Beitragsbild-600x333.jpg 600w, https:\/\/enlite.de\/wp-content\/uploads\/sites\/6\/2026\/02\/E-world-Website-Beitragsbild-800x444.jpg 800w, https:\/\/enlite.de\/wp-content\/uploads\/sites\/6\/2026\/02\/E-world-Website-Beitragsbild.jpg 900w\" data-sizes=\"auto\" data-orig-sizes=\"(max-width: 640px) 100vw, 900px\" \/><\/a><\/span><\/div><div class=\"fusion-builder-row fusion-builder-row-inner fusion-row fusion-flex-align-items-flex-start fusion-flex-justify-content-center fusion-flex-content-wrap\" style=\"--awb-flex-grow:0;--awb-flex-grow-medium:0;--awb-flex-grow-small:0;--awb-flex-shrink:0;--awb-flex-shrink-medium:0;--awb-flex-shrink-small:0;width:104% !important;max-width:104% !important;margin-left: calc(-4% \/ 2 );margin-right: calc(-4% \/ 2 );\"><div class=\"fusion-layout-column fusion_builder_column_inner fusion-builder-nested-column-7 fusion_builder_column_inner_1_1 1_1 fusion-flex-column\" style=\"--awb-padding-right:1em;--awb-padding-left:1em;--awb-bg-size:cover;--awb-width-large:100%;--awb-margin-top-large:8px;--awb-spacing-right-large:1.92%;--awb-margin-bottom-large:0px;--awb-spacing-left-large:1.92%;--awb-width-medium:100%;--awb-order-medium:0;--awb-spacing-right-medium:1.92%;--awb-spacing-left-medium:1.92%;--awb-width-small:100%;--awb-order-small:0;--awb-spacing-right-small:1.92%;--awb-spacing-left-small:1.92%;\"><div class=\"fusion-column-wrapper fusion-column-has-shadow fusion-flex-justify-content-flex-start fusion-content-layout-column\"><div class=\"fusion-text fusion-text-8 fusion-text-no-margin\" style=\"--awb-font-size:14px;--awb-margin-bottom:0px;--awb-text-font-family:&quot;Source Sans 3&quot;;--awb-text-font-style:normal;--awb-text-font-weight:400;\"><p>4. February 2026<\/p>\n<\/div><div class=\"fusion-title title fusion-title-8 fusion-sep-none fusion-title-text fusion-title-size-four\" style=\"--awb-text-color:var(--awb-color3);--awb-margin-bottom:0.1em;--awb-margin-top-small:10px;--awb-margin-right-small:0px;--awb-margin-bottom-small:10px;--awb-margin-left-small:0px;--awb-font-size:22px;\"><h4 class=\"fusion-title-heading title-heading-left fusion-responsive-typography-calculated\" style=\"font-family:&quot;Source Sans 3&quot;;font-style:normal;font-weight:600;margin:0;font-size:1em;--fontSize:22;line-height:1.4;\"><a href=\"https:\/\/enlite.de\/en\/enlite-auf-der-e-world-2026-in-essen\/\" class=\"awb-custom-text-color awb-custom-text-hover-color\" target=\"_self\">ENLITE auf der E\u2011world 2026 in Essen<\/a><\/h4><\/div><div class=\"fusion-separator fusion-full-width-sep\" style=\"align-self: center;margin-left: auto;margin-right: auto;margin-top:0.5em;margin-bottom:0.5em;width:100%;\"><div class=\"fusion-separator-border sep-single sep-solid\" style=\"--awb-height:20px;--awb-amount:20px;--awb-sep-color:var(--awb-custom_color_3);border-color:var(--awb-custom_color_3);border-top-width:1px;\"><\/div><\/div><div class=\"fusion-content-tb fusion-content-tb-8\" style=\"--awb-text-font-family:&quot;Source Sans 3&quot;;--awb-text-font-style:normal;--awb-text-font-weight:400;\"><p> Vom 10. bis 12. Februar trifft sich die europ\u00e4ische Energiewirtschaft wieder zur E\u2011world energy &amp; water in Essen. Auch in diesem Jahr ist ENLITE vor Ort und freut sich [...]<\/p><\/div><\/div><\/div><\/div><\/div><\/li>\n<li class=\"fusion-layout-column fusion_builder_column fusion-builder-column-9 fusion-flex-column blog-post-container post-card fusion-grid-column fusion-post-cards-grid-column\" style=\"--awb-overflow:hidden;--awb-bg-color:var(--awb-color1);--awb-bg-color-hover:var(--awb-color1);--awb-bg-size:cover;--awb-box-shadow:0px 1px 4px 0px rgba(0,0,0,0.16);;--awb-border-color:var(--awb-color1);--awb-border-radius:8px 8px 8px 8px;--awb-transform:scaleX(1) scaleY(1);--awb-transform-hover:scaleX(1.05) scaleY(1.05);--awb-flex-grow:1;--awb-flex-shrink:0;--awb-flex-grow-medium:0;--awb-flex-shrink-medium:0;--awb-flex-grow-small:0;--awb-flex-shrink-small:0;\"><div class=\"fusion-column-wrapper fusion-column-has-shadow fusion-flex-justify-content-flex-start fusion-content-layout-column\"><div class=\"fusion-image-element \" style=\"text-align:center;--awb-aspect-ratio:16 \/ 9;--awb-caption-title-font-family:var(--h2_typography-font-family);--awb-caption-title-font-weight:var(--h2_typography-font-weight);--awb-caption-title-font-style:var(--h2_typography-font-style);--awb-caption-title-size:var(--h2_typography-font-size);--awb-caption-title-transform:var(--h2_typography-text-transform);--awb-caption-title-line-height:var(--h2_typography-line-height);--awb-caption-title-letter-spacing:var(--h2_typography-letter-spacing);\"><span class=\" fusion-imageframe imageframe-none imageframe-9 hover-type-none has-aspect-ratio blog-post-image\"><a class=\"fusion-no-lightbox\" href=\"https:\/\/enlite.de\/en\/enlite-ist-wieder-auf-dem-handelsblatt-energie-gipfel-2026\/\" target=\"_self\" aria-label=\"Die ENLITE ist wieder auf dem Handelsblatt-Energie Gipfel 2026 in Berlin.\"><img decoding=\"async\" width=\"900\" height=\"473\" alt=\"Banner HB-Energiegipfel 26\" src=\"https:\/\/enlite.de\/wp-content\/uploads\/sites\/6\/2026\/01\/Handelsblatt-Energie-Gipfel-Banner-Website.png\" data-orig-src=\"https:\/\/enlite.de\/wp-content\/uploads\/sites\/6\/2026\/01\/Handelsblatt-Energie-Gipfel-Banner-Website.png\" class=\"lazyload img-responsive wp-image-6818 img-with-aspect-ratio\" data-parent-fit=\"cover\" data-parent-container=\".fusion-image-element\" srcset=\"data:image\/svg+xml,%3Csvg%20xmlns%3D%27http%3A%2F%2Fwww.w3.org%2F2000%2Fsvg%27%20width%3D%27900%27%20height%3D%27473%27%20viewBox%3D%270%200%20900%20473%27%3E%3Crect%20width%3D%27900%27%20height%3D%27473%27%20fill-opacity%3D%220%22%2F%3E%3C%2Fsvg%3E\" data-srcset=\"https:\/\/enlite.de\/wp-content\/uploads\/sites\/6\/2026\/01\/Handelsblatt-Energie-Gipfel-Banner-Website-200x105.png 200w, https:\/\/enlite.de\/wp-content\/uploads\/sites\/6\/2026\/01\/Handelsblatt-Energie-Gipfel-Banner-Website-400x210.png 400w, https:\/\/enlite.de\/wp-content\/uploads\/sites\/6\/2026\/01\/Handelsblatt-Energie-Gipfel-Banner-Website-600x315.png 600w, https:\/\/enlite.de\/wp-content\/uploads\/sites\/6\/2026\/01\/Handelsblatt-Energie-Gipfel-Banner-Website-800x420.png 800w, https:\/\/enlite.de\/wp-content\/uploads\/sites\/6\/2026\/01\/Handelsblatt-Energie-Gipfel-Banner-Website.png 900w\" data-sizes=\"auto\" data-orig-sizes=\"(max-width: 640px) 100vw, 900px\" \/><\/a><\/span><\/div><div class=\"fusion-builder-row fusion-builder-row-inner fusion-row fusion-flex-align-items-flex-start fusion-flex-justify-content-center fusion-flex-content-wrap\" style=\"--awb-flex-grow:0;--awb-flex-grow-medium:0;--awb-flex-grow-small:0;--awb-flex-shrink:0;--awb-flex-shrink-medium:0;--awb-flex-shrink-small:0;width:104% !important;max-width:104% !important;margin-left: calc(-4% \/ 2 );margin-right: calc(-4% \/ 2 );\"><div class=\"fusion-layout-column fusion_builder_column_inner fusion-builder-nested-column-8 fusion_builder_column_inner_1_1 1_1 fusion-flex-column\" style=\"--awb-padding-right:1em;--awb-padding-left:1em;--awb-bg-size:cover;--awb-width-large:100%;--awb-margin-top-large:8px;--awb-spacing-right-large:1.92%;--awb-margin-bottom-large:0px;--awb-spacing-left-large:1.92%;--awb-width-medium:100%;--awb-order-medium:0;--awb-spacing-right-medium:1.92%;--awb-spacing-left-medium:1.92%;--awb-width-small:100%;--awb-order-small:0;--awb-spacing-right-small:1.92%;--awb-spacing-left-small:1.92%;\"><div class=\"fusion-column-wrapper fusion-column-has-shadow fusion-flex-justify-content-flex-start fusion-content-layout-column\"><div class=\"fusion-text fusion-text-9 fusion-text-no-margin\" style=\"--awb-font-size:14px;--awb-margin-bottom:0px;--awb-text-font-family:&quot;Source Sans 3&quot;;--awb-text-font-style:normal;--awb-text-font-weight:400;\"><p>21. January 2026<\/p>\n<\/div><div class=\"fusion-title title fusion-title-9 fusion-sep-none fusion-title-text fusion-title-size-four\" style=\"--awb-text-color:var(--awb-color3);--awb-margin-bottom:0.1em;--awb-margin-top-small:10px;--awb-margin-right-small:0px;--awb-margin-bottom-small:10px;--awb-margin-left-small:0px;--awb-font-size:22px;\"><h4 class=\"fusion-title-heading title-heading-left fusion-responsive-typography-calculated\" style=\"font-family:&quot;Source Sans 3&quot;;font-style:normal;font-weight:600;margin:0;font-size:1em;--fontSize:22;line-height:1.4;\"><a href=\"https:\/\/enlite.de\/en\/enlite-ist-wieder-auf-dem-handelsblatt-energie-gipfel-2026\/\" class=\"awb-custom-text-color awb-custom-text-hover-color\" target=\"_self\">ENLITE ist wieder auf dem Handelsblatt-Energie Gipfel 2026 in Berlin<\/a><\/h4><\/div><div class=\"fusion-separator fusion-full-width-sep\" style=\"align-self: center;margin-left: auto;margin-right: auto;margin-top:0.5em;margin-bottom:0.5em;width:100%;\"><div class=\"fusion-separator-border sep-single sep-solid\" style=\"--awb-height:20px;--awb-amount:20px;--awb-sep-color:var(--awb-custom_color_3);border-color:var(--awb-custom_color_3);border-top-width:1px;\"><\/div><\/div><div class=\"fusion-content-tb fusion-content-tb-9\" style=\"--awb-text-font-family:&quot;Source Sans 3&quot;;--awb-text-font-style:normal;--awb-text-font-weight:400;\"><p> Vom 27. bis 29. Januar findet der Handelsblatt Energie\u2011Gipfel im bcc Berlin Congress Center statt \u2013 einer der zentralen Treffpunkte f\u00fcr Entscheider:innen der Energiewirtschaft. Auch dieses Jahr sind wir [...]<\/p><\/div><\/div><\/div><\/div><\/div><\/li>\n<li class=\"fusion-layout-column fusion_builder_column fusion-builder-column-10 fusion-flex-column blog-post-container post-card fusion-grid-column fusion-post-cards-grid-column\" style=\"--awb-overflow:hidden;--awb-bg-color:var(--awb-color1);--awb-bg-color-hover:var(--awb-color1);--awb-bg-size:cover;--awb-box-shadow:0px 1px 4px 0px rgba(0,0,0,0.16);;--awb-border-color:var(--awb-color1);--awb-border-radius:8px 8px 8px 8px;--awb-transform:scaleX(1) scaleY(1);--awb-transform-hover:scaleX(1.05) scaleY(1.05);--awb-flex-grow:1;--awb-flex-shrink:0;--awb-flex-grow-medium:0;--awb-flex-shrink-medium:0;--awb-flex-grow-small:0;--awb-flex-shrink-small:0;\"><div class=\"fusion-column-wrapper fusion-column-has-shadow fusion-flex-justify-content-flex-start fusion-content-layout-column\"><div class=\"fusion-image-element \" style=\"text-align:center;--awb-aspect-ratio:16 \/ 9;--awb-caption-title-font-family:var(--h2_typography-font-family);--awb-caption-title-font-weight:var(--h2_typography-font-weight);--awb-caption-title-font-style:var(--h2_typography-font-style);--awb-caption-title-size:var(--h2_typography-font-size);--awb-caption-title-transform:var(--h2_typography-text-transform);--awb-caption-title-line-height:var(--h2_typography-line-height);--awb-caption-title-letter-spacing:var(--h2_typography-letter-spacing);\"><span class=\" fusion-imageframe imageframe-none imageframe-10 hover-type-none has-aspect-ratio blog-post-image\"><a class=\"fusion-no-lightbox\" href=\"https:\/\/enlite.de\/en\/enlite-und-lhr-auf-der-meetdarmstadt-2025\/\" target=\"_self\" aria-label=\"Nacht der Ausbildungen\"><img decoding=\"async\" width=\"900\" height=\"500\" alt=\"Teaserbild Nacht der Ausbildungen\" src=\"https:\/\/enlite.de\/wp-content\/uploads\/sites\/6\/2025\/11\/Website-Vorlage-mit-und-ohne-CD-1.png\" data-orig-src=\"https:\/\/enlite.de\/wp-content\/uploads\/sites\/6\/2025\/11\/Website-Vorlage-mit-und-ohne-CD-1.png\" class=\"lazyload img-responsive wp-image-6791 img-with-aspect-ratio\" data-parent-fit=\"cover\" data-parent-container=\".fusion-image-element\" srcset=\"data:image\/svg+xml,%3Csvg%20xmlns%3D%27http%3A%2F%2Fwww.w3.org%2F2000%2Fsvg%27%20width%3D%27900%27%20height%3D%27500%27%20viewBox%3D%270%200%20900%20500%27%3E%3Crect%20width%3D%27900%27%20height%3D%27500%27%20fill-opacity%3D%220%22%2F%3E%3C%2Fsvg%3E\" data-srcset=\"https:\/\/enlite.de\/wp-content\/uploads\/sites\/6\/2025\/11\/Website-Vorlage-mit-und-ohne-CD-1-200x111.png 200w, https:\/\/enlite.de\/wp-content\/uploads\/sites\/6\/2025\/11\/Website-Vorlage-mit-und-ohne-CD-1-400x222.png 400w, https:\/\/enlite.de\/wp-content\/uploads\/sites\/6\/2025\/11\/Website-Vorlage-mit-und-ohne-CD-1-600x333.png 600w, https:\/\/enlite.de\/wp-content\/uploads\/sites\/6\/2025\/11\/Website-Vorlage-mit-und-ohne-CD-1-800x444.png 800w, https:\/\/enlite.de\/wp-content\/uploads\/sites\/6\/2025\/11\/Website-Vorlage-mit-und-ohne-CD-1.png 900w\" data-sizes=\"auto\" data-orig-sizes=\"(max-width: 640px) 100vw, 900px\" \/><\/a><\/span><\/div><div class=\"fusion-builder-row fusion-builder-row-inner fusion-row fusion-flex-align-items-flex-start fusion-flex-justify-content-center fusion-flex-content-wrap\" style=\"--awb-flex-grow:0;--awb-flex-grow-medium:0;--awb-flex-grow-small:0;--awb-flex-shrink:0;--awb-flex-shrink-medium:0;--awb-flex-shrink-small:0;width:104% !important;max-width:104% !important;margin-left: calc(-4% \/ 2 );margin-right: calc(-4% \/ 2 );\"><div class=\"fusion-layout-column fusion_builder_column_inner fusion-builder-nested-column-9 fusion_builder_column_inner_1_1 1_1 fusion-flex-column\" style=\"--awb-padding-right:1em;--awb-padding-left:1em;--awb-bg-size:cover;--awb-width-large:100%;--awb-margin-top-large:8px;--awb-spacing-right-large:1.92%;--awb-margin-bottom-large:0px;--awb-spacing-left-large:1.92%;--awb-width-medium:100%;--awb-order-medium:0;--awb-spacing-right-medium:1.92%;--awb-spacing-left-medium:1.92%;--awb-width-small:100%;--awb-order-small:0;--awb-spacing-right-small:1.92%;--awb-spacing-left-small:1.92%;\"><div class=\"fusion-column-wrapper fusion-column-has-shadow fusion-flex-justify-content-flex-start fusion-content-layout-column\"><div class=\"fusion-text fusion-text-10 fusion-text-no-margin\" style=\"--awb-font-size:14px;--awb-margin-bottom:0px;--awb-text-font-family:&quot;Source Sans 3&quot;;--awb-text-font-style:normal;--awb-text-font-weight:400;\"><p>18. November 2025<\/p>\n<\/div><div class=\"fusion-title title fusion-title-10 fusion-sep-none fusion-title-text fusion-title-size-four\" style=\"--awb-text-color:var(--awb-color3);--awb-margin-bottom:0.1em;--awb-margin-top-small:10px;--awb-margin-right-small:0px;--awb-margin-bottom-small:10px;--awb-margin-left-small:0px;--awb-font-size:22px;\"><h4 class=\"fusion-title-heading title-heading-left fusion-responsive-typography-calculated\" style=\"font-family:&quot;Source Sans 3&quot;;font-style:normal;font-weight:600;margin:0;font-size:1em;--fontSize:22;line-height:1.4;\"><a href=\"https:\/\/enlite.de\/en\/enlite-und-lhr-auf-der-meetdarmstadt-2025\/\" class=\"awb-custom-text-color awb-custom-text-hover-color\" target=\"_self\">Nacht der Ausbildung 2025: ENLITE l\u00e4dt zum Kennenlernen ein<\/a><\/h4><\/div><div class=\"fusion-separator fusion-full-width-sep\" style=\"align-self: center;margin-left: auto;margin-right: auto;margin-top:0.5em;margin-bottom:0.5em;width:100%;\"><div class=\"fusion-separator-border sep-single sep-solid\" style=\"--awb-height:20px;--awb-amount:20px;--awb-sep-color:var(--awb-custom_color_3);border-color:var(--awb-custom_color_3);border-top-width:1px;\"><\/div><\/div><div class=\"fusion-content-tb fusion-content-tb-10\" style=\"--awb-text-font-family:&quot;Source Sans 3&quot;;--awb-text-font-style:normal;--awb-text-font-weight:400;\"><p> Am 20. November 2025 \u00f6ffnet im gesamten Kreis Borken erneut die \u201eNacht der Ausbildung\u201c ihre T\u00fcren. Auch die ENLITE Management &amp; Engineering GmbH in Ahaus ist dabei und bietet [...]<\/p><\/div><\/div><\/div><\/div><\/div><\/li>\n<li class=\"fusion-layout-column fusion_builder_column fusion-builder-column-11 fusion-flex-column blog-post-container post-card fusion-grid-column fusion-post-cards-grid-column\" style=\"--awb-overflow:hidden;--awb-bg-color:var(--awb-color1);--awb-bg-color-hover:var(--awb-color1);--awb-bg-size:cover;--awb-box-shadow:0px 1px 4px 0px rgba(0,0,0,0.16);;--awb-border-color:var(--awb-color1);--awb-border-radius:8px 8px 8px 8px;--awb-transform:scaleX(1) scaleY(1);--awb-transform-hover:scaleX(1.05) scaleY(1.05);--awb-flex-grow:1;--awb-flex-shrink:0;--awb-flex-grow-medium:0;--awb-flex-shrink-medium:0;--awb-flex-grow-small:0;--awb-flex-shrink-small:0;\"><div class=\"fusion-column-wrapper fusion-column-has-shadow fusion-flex-justify-content-flex-start fusion-content-layout-column\"><div class=\"fusion-image-element \" style=\"text-align:center;--awb-aspect-ratio:16 \/ 9;--awb-caption-title-font-family:var(--h2_typography-font-family);--awb-caption-title-font-weight:var(--h2_typography-font-weight);--awb-caption-title-font-style:var(--h2_typography-font-style);--awb-caption-title-size:var(--h2_typography-font-size);--awb-caption-title-transform:var(--h2_typography-text-transform);--awb-caption-title-line-height:var(--h2_typography-line-height);--awb-caption-title-letter-spacing:var(--h2_typography-letter-spacing);\"><span class=\" fusion-imageframe imageframe-none imageframe-11 hover-type-none has-aspect-ratio blog-post-image\"><a class=\"fusion-no-lightbox\" href=\"https:\/\/enlite.de\/en\/bo-career-day-2025-an-der-hochschule-bochum\/\" target=\"_self\" aria-label=\"Bo Career Day\"><img decoding=\"async\" width=\"900\" height=\"500\" alt=\"Bo Career Day &quot;Wir sind dabei&quot;\" src=\"https:\/\/enlite.de\/wp-content\/uploads\/sites\/6\/2025\/11\/Bo-Careeer-Day-web.png\" data-orig-src=\"https:\/\/enlite.de\/wp-content\/uploads\/sites\/6\/2025\/11\/Bo-Careeer-Day-web.png\" class=\"lazyload img-responsive wp-image-6781 img-with-aspect-ratio\" data-parent-fit=\"cover\" data-parent-container=\".fusion-image-element\" srcset=\"data:image\/svg+xml,%3Csvg%20xmlns%3D%27http%3A%2F%2Fwww.w3.org%2F2000%2Fsvg%27%20width%3D%27900%27%20height%3D%27500%27%20viewBox%3D%270%200%20900%20500%27%3E%3Crect%20width%3D%27900%27%20height%3D%27500%27%20fill-opacity%3D%220%22%2F%3E%3C%2Fsvg%3E\" data-srcset=\"https:\/\/enlite.de\/wp-content\/uploads\/sites\/6\/2025\/11\/Bo-Careeer-Day-web-200x111.png 200w, https:\/\/enlite.de\/wp-content\/uploads\/sites\/6\/2025\/11\/Bo-Careeer-Day-web-400x222.png 400w, https:\/\/enlite.de\/wp-content\/uploads\/sites\/6\/2025\/11\/Bo-Careeer-Day-web-600x333.png 600w, https:\/\/enlite.de\/wp-content\/uploads\/sites\/6\/2025\/11\/Bo-Careeer-Day-web-800x444.png 800w, https:\/\/enlite.de\/wp-content\/uploads\/sites\/6\/2025\/11\/Bo-Careeer-Day-web.png 900w\" data-sizes=\"auto\" data-orig-sizes=\"(max-width: 640px) 100vw, 900px\" \/><\/a><\/span><\/div><div class=\"fusion-builder-row fusion-builder-row-inner fusion-row fusion-flex-align-items-flex-start fusion-flex-justify-content-center fusion-flex-content-wrap\" style=\"--awb-flex-grow:0;--awb-flex-grow-medium:0;--awb-flex-grow-small:0;--awb-flex-shrink:0;--awb-flex-shrink-medium:0;--awb-flex-shrink-small:0;width:104% !important;max-width:104% !important;margin-left: calc(-4% \/ 2 );margin-right: calc(-4% \/ 2 );\"><div class=\"fusion-layout-column fusion_builder_column_inner fusion-builder-nested-column-10 fusion_builder_column_inner_1_1 1_1 fusion-flex-column\" style=\"--awb-padding-right:1em;--awb-padding-left:1em;--awb-bg-size:cover;--awb-width-large:100%;--awb-margin-top-large:8px;--awb-spacing-right-large:1.92%;--awb-margin-bottom-large:0px;--awb-spacing-left-large:1.92%;--awb-width-medium:100%;--awb-order-medium:0;--awb-spacing-right-medium:1.92%;--awb-spacing-left-medium:1.92%;--awb-width-small:100%;--awb-order-small:0;--awb-spacing-right-small:1.92%;--awb-spacing-left-small:1.92%;\"><div class=\"fusion-column-wrapper fusion-column-has-shadow fusion-flex-justify-content-flex-start fusion-content-layout-column\"><div class=\"fusion-text fusion-text-11 fusion-text-no-margin\" style=\"--awb-font-size:14px;--awb-margin-bottom:0px;--awb-text-font-family:&quot;Source Sans 3&quot;;--awb-text-font-style:normal;--awb-text-font-weight:400;\"><p>13. November 2025<\/p>\n<\/div><div class=\"fusion-title title fusion-title-11 fusion-sep-none fusion-title-text fusion-title-size-four\" style=\"--awb-text-color:var(--awb-color3);--awb-margin-bottom:0.1em;--awb-margin-top-small:10px;--awb-margin-right-small:0px;--awb-margin-bottom-small:10px;--awb-margin-left-small:0px;--awb-font-size:22px;\"><h4 class=\"fusion-title-heading title-heading-left fusion-responsive-typography-calculated\" style=\"font-family:&quot;Source Sans 3&quot;;font-style:normal;font-weight:600;margin:0;font-size:1em;--fontSize:22;line-height:1.4;\"><a href=\"https:\/\/enlite.de\/en\/bo-career-day-2025-an-der-hochschule-bochum\/\" class=\"awb-custom-text-color awb-custom-text-hover-color\" target=\"_self\">Bo Career Day 2025 an der Hochschule Bochum<\/a><\/h4><\/div><div class=\"fusion-separator fusion-full-width-sep\" style=\"align-self: center;margin-left: auto;margin-right: auto;margin-top:0.5em;margin-bottom:0.5em;width:100%;\"><div class=\"fusion-separator-border sep-single sep-solid\" style=\"--awb-height:20px;--awb-amount:20px;--awb-sep-color:var(--awb-custom_color_3);border-color:var(--awb-custom_color_3);border-top-width:1px;\"><\/div><\/div><div class=\"fusion-content-tb fusion-content-tb-11\" style=\"--awb-text-font-family:&quot;Source Sans 3&quot;;--awb-text-font-style:normal;--awb-text-font-weight:400;\"><p> Du m\u00f6chtest den Grundstein f\u00fcr deine berufliche Zukunft legen und suchst nach spannenden Einstiegsm\u00f6glichkeiten im Bereich nachhaltiger Energie- und Infrastrukturprojekte? Dann besuche uns auf dem\u00a0BO Career\u00a0Day 2025\u00a0an der Hochschule [...]<\/p><\/div><\/div><\/div><\/div><\/div><\/li>\n<li class=\"fusion-layout-column fusion_builder_column fusion-builder-column-12 fusion-flex-column blog-post-container post-card fusion-grid-column fusion-post-cards-grid-column\" style=\"--awb-overflow:hidden;--awb-bg-color:var(--awb-color1);--awb-bg-color-hover:var(--awb-color1);--awb-bg-size:cover;--awb-box-shadow:0px 1px 4px 0px rgba(0,0,0,0.16);;--awb-border-color:var(--awb-color1);--awb-border-radius:8px 8px 8px 8px;--awb-transform:scaleX(1) scaleY(1);--awb-transform-hover:scaleX(1.05) scaleY(1.05);--awb-flex-grow:1;--awb-flex-shrink:0;--awb-flex-grow-medium:0;--awb-flex-shrink-medium:0;--awb-flex-grow-small:0;--awb-flex-shrink-small:0;\"><div class=\"fusion-column-wrapper fusion-column-has-shadow fusion-flex-justify-content-flex-start fusion-content-layout-column\"><div class=\"fusion-image-element \" style=\"text-align:center;--awb-aspect-ratio:16 \/ 9;--awb-caption-title-font-family:var(--h2_typography-font-family);--awb-caption-title-font-weight:var(--h2_typography-font-weight);--awb-caption-title-font-style:var(--h2_typography-font-style);--awb-caption-title-size:var(--h2_typography-font-size);--awb-caption-title-transform:var(--h2_typography-text-transform);--awb-caption-title-line-height:var(--h2_typography-line-height);--awb-caption-title-letter-spacing:var(--h2_typography-letter-spacing);\"><span class=\" fusion-imageframe imageframe-none imageframe-12 hover-type-none has-aspect-ratio blog-post-image\"><a class=\"fusion-no-lightbox\" href=\"https:\/\/enlite.de\/en\/neue-mission-zukunft-gestalten-enlite-auf-der-20-online-soldatenmesse-soldata\/\" target=\"_self\" aria-label=\"Soldata 20\"><img decoding=\"async\" width=\"900\" height=\"500\" alt=\"Teaserbild Soldata 20\" src=\"https:\/\/enlite.de\/wp-content\/uploads\/sites\/6\/2025\/11\/Soldata-20-website.png\" data-orig-src=\"https:\/\/enlite.de\/wp-content\/uploads\/sites\/6\/2025\/11\/Soldata-20-website.png\" class=\"lazyload img-responsive wp-image-6769 img-with-aspect-ratio\" data-parent-fit=\"cover\" data-parent-container=\".fusion-image-element\" srcset=\"data:image\/svg+xml,%3Csvg%20xmlns%3D%27http%3A%2F%2Fwww.w3.org%2F2000%2Fsvg%27%20width%3D%27900%27%20height%3D%27500%27%20viewBox%3D%270%200%20900%20500%27%3E%3Crect%20width%3D%27900%27%20height%3D%27500%27%20fill-opacity%3D%220%22%2F%3E%3C%2Fsvg%3E\" data-srcset=\"https:\/\/enlite.de\/wp-content\/uploads\/sites\/6\/2025\/11\/Soldata-20-website-200x111.png 200w, https:\/\/enlite.de\/wp-content\/uploads\/sites\/6\/2025\/11\/Soldata-20-website-400x222.png 400w, https:\/\/enlite.de\/wp-content\/uploads\/sites\/6\/2025\/11\/Soldata-20-website-600x333.png 600w, https:\/\/enlite.de\/wp-content\/uploads\/sites\/6\/2025\/11\/Soldata-20-website-800x444.png 800w, https:\/\/enlite.de\/wp-content\/uploads\/sites\/6\/2025\/11\/Soldata-20-website.png 900w\" data-sizes=\"auto\" data-orig-sizes=\"(max-width: 640px) 100vw, 900px\" \/><\/a><\/span><\/div><div class=\"fusion-builder-row fusion-builder-row-inner fusion-row fusion-flex-align-items-flex-start fusion-flex-justify-content-center fusion-flex-content-wrap\" style=\"--awb-flex-grow:0;--awb-flex-grow-medium:0;--awb-flex-grow-small:0;--awb-flex-shrink:0;--awb-flex-shrink-medium:0;--awb-flex-shrink-small:0;width:104% !important;max-width:104% !important;margin-left: calc(-4% \/ 2 );margin-right: calc(-4% \/ 2 );\"><div class=\"fusion-layout-column fusion_builder_column_inner fusion-builder-nested-column-11 fusion_builder_column_inner_1_1 1_1 fusion-flex-column\" style=\"--awb-padding-right:1em;--awb-padding-left:1em;--awb-bg-size:cover;--awb-width-large:100%;--awb-margin-top-large:8px;--awb-spacing-right-large:1.92%;--awb-margin-bottom-large:0px;--awb-spacing-left-large:1.92%;--awb-width-medium:100%;--awb-order-medium:0;--awb-spacing-right-medium:1.92%;--awb-spacing-left-medium:1.92%;--awb-width-small:100%;--awb-order-small:0;--awb-spacing-right-small:1.92%;--awb-spacing-left-small:1.92%;\"><div class=\"fusion-column-wrapper fusion-column-has-shadow fusion-flex-justify-content-flex-start fusion-content-layout-column\"><div class=\"fusion-text fusion-text-12 fusion-text-no-margin\" style=\"--awb-font-size:14px;--awb-margin-bottom:0px;--awb-text-font-family:&quot;Source Sans 3&quot;;--awb-text-font-style:normal;--awb-text-font-weight:400;\"><p>6. November 2025<\/p>\n<\/div><div class=\"fusion-title title fusion-title-12 fusion-sep-none fusion-title-text fusion-title-size-four\" style=\"--awb-text-color:var(--awb-color3);--awb-margin-bottom:0.1em;--awb-margin-top-small:10px;--awb-margin-right-small:0px;--awb-margin-bottom-small:10px;--awb-margin-left-small:0px;--awb-font-size:22px;\"><h4 class=\"fusion-title-heading title-heading-left fusion-responsive-typography-calculated\" style=\"font-family:&quot;Source Sans 3&quot;;font-style:normal;font-weight:600;margin:0;font-size:1em;--fontSize:22;line-height:1.4;\"><a href=\"https:\/\/enlite.de\/en\/neue-mission-zukunft-gestalten-enlite-auf-der-20-online-soldatenmesse-soldata\/\" class=\"awb-custom-text-color awb-custom-text-hover-color\" target=\"_self\">Neue Mission: Zukunft gestalten \u2013 ENLITE auf der 20. Online-Soldatenmesse Soldata<\/a><\/h4><\/div><div class=\"fusion-separator fusion-full-width-sep\" style=\"align-self: center;margin-left: auto;margin-right: auto;margin-top:0.5em;margin-bottom:0.5em;width:100%;\"><div class=\"fusion-separator-border sep-single sep-solid\" style=\"--awb-height:20px;--awb-amount:20px;--awb-sep-color:var(--awb-custom_color_3);border-color:var(--awb-custom_color_3);border-top-width:1px;\"><\/div><\/div><div class=\"fusion-content-tb fusion-content-tb-12\" style=\"--awb-text-font-family:&quot;Source Sans 3&quot;;--awb-text-font-style:normal;--awb-text-font-weight:400;\"><p> Vom 11. bis 15. November 2025 findet die 20. Online-Soldatenmesse Soldata statt , die gr\u00f6\u00dfte virtuelle Job- und Bildungsmesse f\u00fcr aktive und ehemalige Soldatinnen und Soldaten der Bundeswehr. Seit [...]<\/p><\/div><\/div><\/div><\/div><\/div><\/li>\n<li class=\"fusion-layout-column fusion_builder_column fusion-builder-column-13 fusion-flex-column blog-post-container post-card fusion-grid-column fusion-post-cards-grid-column\" style=\"--awb-overflow:hidden;--awb-bg-color:var(--awb-color1);--awb-bg-color-hover:var(--awb-color1);--awb-bg-size:cover;--awb-box-shadow:0px 1px 4px 0px rgba(0,0,0,0.16);;--awb-border-color:var(--awb-color1);--awb-border-radius:8px 8px 8px 8px;--awb-transform:scaleX(1) scaleY(1);--awb-transform-hover:scaleX(1.05) scaleY(1.05);--awb-flex-grow:1;--awb-flex-shrink:0;--awb-flex-grow-medium:0;--awb-flex-shrink-medium:0;--awb-flex-grow-small:0;--awb-flex-shrink-small:0;\"><div class=\"fusion-column-wrapper fusion-column-has-shadow fusion-flex-justify-content-flex-start fusion-content-layout-column\"><div class=\"fusion-image-element \" style=\"text-align:center;--awb-aspect-ratio:16 \/ 9;--awb-caption-title-font-family:var(--h2_typography-font-family);--awb-caption-title-font-weight:var(--h2_typography-font-weight);--awb-caption-title-font-style:var(--h2_typography-font-style);--awb-caption-title-size:var(--h2_typography-font-size);--awb-caption-title-transform:var(--h2_typography-text-transform);--awb-caption-title-line-height:var(--h2_typography-line-height);--awb-caption-title-letter-spacing:var(--h2_typography-letter-spacing);\"><span class=\" fusion-imageframe imageframe-none imageframe-13 hover-type-none has-aspect-ratio blog-post-image\"><a class=\"fusion-no-lightbox\" href=\"https:\/\/enlite.de\/en\/enlite-beim-pizza-event-der-universitt-duisburg\/\" target=\"_self\" aria-label=\"Pizza Event Universit\u00e4t Duisburg\"><img decoding=\"async\" width=\"1248\" height=\"830\" alt=\"Teaserbild Pizza Event Universit\u00e4t Duisburg\" src=\"https:\/\/enlite.de\/wp-content\/uploads\/sites\/6\/2025\/10\/Screenshot-2025-10-29-135224.png\" data-orig-src=\"https:\/\/enlite.de\/wp-content\/uploads\/sites\/6\/2025\/10\/Screenshot-2025-10-29-135224.png\" class=\"lazyload img-responsive wp-image-6764 img-with-aspect-ratio\" data-parent-fit=\"cover\" data-parent-container=\".fusion-image-element\" srcset=\"data:image\/svg+xml,%3Csvg%20xmlns%3D%27http%3A%2F%2Fwww.w3.org%2F2000%2Fsvg%27%20width%3D%271248%27%20height%3D%27830%27%20viewBox%3D%270%200%201248%20830%27%3E%3Crect%20width%3D%271248%27%20height%3D%27830%27%20fill-opacity%3D%220%22%2F%3E%3C%2Fsvg%3E\" data-srcset=\"https:\/\/enlite.de\/wp-content\/uploads\/sites\/6\/2025\/10\/Screenshot-2025-10-29-135224-200x133.png 200w, https:\/\/enlite.de\/wp-content\/uploads\/sites\/6\/2025\/10\/Screenshot-2025-10-29-135224-400x266.png 400w, https:\/\/enlite.de\/wp-content\/uploads\/sites\/6\/2025\/10\/Screenshot-2025-10-29-135224-600x399.png 600w, https:\/\/enlite.de\/wp-content\/uploads\/sites\/6\/2025\/10\/Screenshot-2025-10-29-135224-800x532.png 800w, https:\/\/enlite.de\/wp-content\/uploads\/sites\/6\/2025\/10\/Screenshot-2025-10-29-135224-1200x798.png 1200w, https:\/\/enlite.de\/wp-content\/uploads\/sites\/6\/2025\/10\/Screenshot-2025-10-29-135224.png 1248w\" data-sizes=\"auto\" data-orig-sizes=\"(max-width: 640px) 100vw, 1248px\" \/><\/a><\/span><\/div><div class=\"fusion-builder-row fusion-builder-row-inner fusion-row fusion-flex-align-items-flex-start fusion-flex-justify-content-center fusion-flex-content-wrap\" style=\"--awb-flex-grow:0;--awb-flex-grow-medium:0;--awb-flex-grow-small:0;--awb-flex-shrink:0;--awb-flex-shrink-medium:0;--awb-flex-shrink-small:0;width:104% !important;max-width:104% !important;margin-left: calc(-4% \/ 2 );margin-right: calc(-4% \/ 2 );\"><div class=\"fusion-layout-column fusion_builder_column_inner fusion-builder-nested-column-12 fusion_builder_column_inner_1_1 1_1 fusion-flex-column\" style=\"--awb-padding-right:1em;--awb-padding-left:1em;--awb-bg-size:cover;--awb-width-large:100%;--awb-margin-top-large:8px;--awb-spacing-right-large:1.92%;--awb-margin-bottom-large:0px;--awb-spacing-left-large:1.92%;--awb-width-medium:100%;--awb-order-medium:0;--awb-spacing-right-medium:1.92%;--awb-spacing-left-medium:1.92%;--awb-width-small:100%;--awb-order-small:0;--awb-spacing-right-small:1.92%;--awb-spacing-left-small:1.92%;\"><div class=\"fusion-column-wrapper fusion-column-has-shadow fusion-flex-justify-content-flex-start fusion-content-layout-column\"><div class=\"fusion-text fusion-text-13 fusion-text-no-margin\" style=\"--awb-font-size:14px;--awb-margin-bottom:0px;--awb-text-font-family:&quot;Source Sans 3&quot;;--awb-text-font-style:normal;--awb-text-font-weight:400;\"><p>30. October 2025<\/p>\n<\/div><div class=\"fusion-title title fusion-title-13 fusion-sep-none fusion-title-text fusion-title-size-four\" style=\"--awb-text-color:var(--awb-color3);--awb-margin-bottom:0.1em;--awb-margin-top-small:10px;--awb-margin-right-small:0px;--awb-margin-bottom-small:10px;--awb-margin-left-small:0px;--awb-font-size:22px;\"><h4 class=\"fusion-title-heading title-heading-left fusion-responsive-typography-calculated\" style=\"font-family:&quot;Source Sans 3&quot;;font-style:normal;font-weight:600;margin:0;font-size:1em;--fontSize:22;line-height:1.4;\"><a href=\"https:\/\/enlite.de\/en\/enlite-beim-pizza-event-der-universitt-duisburg\/\" class=\"awb-custom-text-color awb-custom-text-hover-color\" target=\"_self\">ENLITE beim Pizza Event der Universit\u00e4t Duisburg-Essen<\/a><\/h4><\/div><div class=\"fusion-separator fusion-full-width-sep\" style=\"align-self: center;margin-left: auto;margin-right: auto;margin-top:0.5em;margin-bottom:0.5em;width:100%;\"><div class=\"fusion-separator-border sep-single sep-solid\" style=\"--awb-height:20px;--awb-amount:20px;--awb-sep-color:var(--awb-custom_color_3);border-color:var(--awb-custom_color_3);border-top-width:1px;\"><\/div><\/div><div class=\"fusion-content-tb fusion-content-tb-13\" style=\"--awb-text-font-family:&quot;Source Sans 3&quot;;--awb-text-font-style:normal;--awb-text-font-weight:400;\"><p> Am 5. November 2025 ist ENLITE beim PIZZA-Event der Universit\u00e4t Duisburg-Essen vertreten. Das Format \u201ePIZZA \u2013 Professionelle Ideen zu zufriedenem Arbeiten\u201c bringt Studierende der Ingenieur- und Naturwissenschaften und Arbeitgebern [...]<\/p><\/div><\/div><\/div><\/div><\/div><\/li>\n<li class=\"fusion-layout-column fusion_builder_column fusion-builder-column-14 fusion-flex-column blog-post-container post-card fusion-grid-column fusion-post-cards-grid-column\" style=\"--awb-overflow:hidden;--awb-bg-color:var(--awb-color1);--awb-bg-color-hover:var(--awb-color1);--awb-bg-size:cover;--awb-box-shadow:0px 1px 4px 0px rgba(0,0,0,0.16);;--awb-border-color:var(--awb-color1);--awb-border-radius:8px 8px 8px 8px;--awb-transform:scaleX(1) scaleY(1);--awb-transform-hover:scaleX(1.05) scaleY(1.05);--awb-flex-grow:1;--awb-flex-shrink:0;--awb-flex-grow-medium:0;--awb-flex-shrink-medium:0;--awb-flex-grow-small:0;--awb-flex-shrink-small:0;\"><div class=\"fusion-column-wrapper fusion-column-has-shadow fusion-flex-justify-content-flex-start fusion-content-layout-column\"><div class=\"fusion-image-element \" style=\"text-align:center;--awb-aspect-ratio:16 \/ 9;--awb-caption-title-font-family:var(--h2_typography-font-family);--awb-caption-title-font-weight:var(--h2_typography-font-weight);--awb-caption-title-font-style:var(--h2_typography-font-style);--awb-caption-title-size:var(--h2_typography-font-size);--awb-caption-title-transform:var(--h2_typography-text-transform);--awb-caption-title-line-height:var(--h2_typography-line-height);--awb-caption-title-letter-spacing:var(--h2_typography-letter-spacing);\"><span class=\" fusion-imageframe imageframe-none imageframe-14 hover-type-none has-aspect-ratio blog-post-image\"><a class=\"fusion-no-lightbox\" href=\"https:\/\/enlite.de\/en\/projekt-suedostlinkaerreicht-wichtigen-meilenstein\/\" target=\"_self\" aria-label=\"Suedostlink+\"><img decoding=\"async\" width=\"1655\" height=\"913\" alt=\"Teaserbild Suedostlink+\" src=\"https:\/\/enlite.de\/wp-content\/uploads\/sites\/6\/2025\/10\/Screenshot-2025-10-17-122031.png\" data-orig-src=\"https:\/\/enlite.de\/wp-content\/uploads\/sites\/6\/2025\/10\/Screenshot-2025-10-17-122031.png\" class=\"lazyload img-responsive wp-image-6753 img-with-aspect-ratio\" data-parent-fit=\"cover\" data-parent-container=\".fusion-image-element\" srcset=\"data:image\/svg+xml,%3Csvg%20xmlns%3D%27http%3A%2F%2Fwww.w3.org%2F2000%2Fsvg%27%20width%3D%271655%27%20height%3D%27913%27%20viewBox%3D%270%200%201655%20913%27%3E%3Crect%20width%3D%271655%27%20height%3D%27913%27%20fill-opacity%3D%220%22%2F%3E%3C%2Fsvg%3E\" data-srcset=\"https:\/\/enlite.de\/wp-content\/uploads\/sites\/6\/2025\/10\/Screenshot-2025-10-17-122031-200x110.png 200w, https:\/\/enlite.de\/wp-content\/uploads\/sites\/6\/2025\/10\/Screenshot-2025-10-17-122031-400x221.png 400w, https:\/\/enlite.de\/wp-content\/uploads\/sites\/6\/2025\/10\/Screenshot-2025-10-17-122031-600x331.png 600w, https:\/\/enlite.de\/wp-content\/uploads\/sites\/6\/2025\/10\/Screenshot-2025-10-17-122031-800x441.png 800w, https:\/\/enlite.de\/wp-content\/uploads\/sites\/6\/2025\/10\/Screenshot-2025-10-17-122031-1200x662.png 1200w, https:\/\/enlite.de\/wp-content\/uploads\/sites\/6\/2025\/10\/Screenshot-2025-10-17-122031.png 1655w\" data-sizes=\"auto\" data-orig-sizes=\"(max-width: 640px) 100vw, 1655px\" \/><\/a><\/span><\/div><div class=\"fusion-builder-row fusion-builder-row-inner fusion-row fusion-flex-align-items-flex-start fusion-flex-justify-content-center fusion-flex-content-wrap\" style=\"--awb-flex-grow:0;--awb-flex-grow-medium:0;--awb-flex-grow-small:0;--awb-flex-shrink:0;--awb-flex-shrink-medium:0;--awb-flex-shrink-small:0;width:104% !important;max-width:104% !important;margin-left: calc(-4% \/ 2 );margin-right: calc(-4% \/ 2 );\"><div class=\"fusion-layout-column fusion_builder_column_inner fusion-builder-nested-column-13 fusion_builder_column_inner_1_1 1_1 fusion-flex-column\" style=\"--awb-padding-right:1em;--awb-padding-left:1em;--awb-bg-size:cover;--awb-width-large:100%;--awb-margin-top-large:8px;--awb-spacing-right-large:1.92%;--awb-margin-bottom-large:0px;--awb-spacing-left-large:1.92%;--awb-width-medium:100%;--awb-order-medium:0;--awb-spacing-right-medium:1.92%;--awb-spacing-left-medium:1.92%;--awb-width-small:100%;--awb-order-small:0;--awb-spacing-right-small:1.92%;--awb-spacing-left-small:1.92%;\"><div class=\"fusion-column-wrapper fusion-column-has-shadow fusion-flex-justify-content-flex-start fusion-content-layout-column\"><div class=\"fusion-text fusion-text-14 fusion-text-no-margin\" style=\"--awb-font-size:14px;--awb-margin-bottom:0px;--awb-text-font-family:&quot;Source Sans 3&quot;;--awb-text-font-style:normal;--awb-text-font-weight:400;\"><p>21. October 2025<\/p>\n<\/div><div class=\"fusion-title title fusion-title-14 fusion-sep-none fusion-title-text fusion-title-size-four\" style=\"--awb-text-color:var(--awb-color3);--awb-margin-bottom:0.1em;--awb-margin-top-small:10px;--awb-margin-right-small:0px;--awb-margin-bottom-small:10px;--awb-margin-left-small:0px;--awb-font-size:22px;\"><h4 class=\"fusion-title-heading title-heading-left fusion-responsive-typography-calculated\" style=\"font-family:&quot;Source Sans 3&quot;;font-style:normal;font-weight:600;margin:0;font-size:1em;--fontSize:22;line-height:1.4;\"><a href=\"https:\/\/enlite.de\/en\/projekt-suedostlinkaerreicht-wichtigen-meilenstein\/\" class=\"awb-custom-text-color awb-custom-text-hover-color\" target=\"_self\">Projekt \u201eSuedOstLink+\u201c\u00a0erreicht wichtigen Meilenstein<\/a><\/h4><\/div><div class=\"fusion-separator fusion-full-width-sep\" style=\"align-self: center;margin-left: auto;margin-right: auto;margin-top:0.5em;margin-bottom:0.5em;width:100%;\"><div class=\"fusion-separator-border sep-single sep-solid\" style=\"--awb-height:20px;--awb-amount:20px;--awb-sep-color:var(--awb-custom_color_3);border-color:var(--awb-custom_color_3);border-top-width:1px;\"><\/div><\/div><div class=\"fusion-content-tb fusion-content-tb-14\" style=\"--awb-text-font-family:&quot;Source Sans 3&quot;;--awb-text-font-style:normal;--awb-text-font-weight:400;\"><p> Planfeststellungsantrag bei der Bundesnetzagentur eingereicht Im Gleichstrom-Kabelprojekt SuedOstLink+ ist ein wesentlicher Schritt geschafft: Der \u00dcbertragungsnetzbetreiber 50Hertz hat den initialen Planfeststellungsantrag (nach \u00a7 19 NABEG) bei der Bundesnetzagentur (BNetzA) eingereicht. [...]<\/p><\/div><\/div><\/div><\/div><\/div><\/li>\n<li class=\"fusion-layout-column fusion_builder_column fusion-builder-column-15 fusion-flex-column blog-post-container post-card fusion-grid-column fusion-post-cards-grid-column\" style=\"--awb-overflow:hidden;--awb-bg-color:var(--awb-color1);--awb-bg-color-hover:var(--awb-color1);--awb-bg-size:cover;--awb-box-shadow:0px 1px 4px 0px rgba(0,0,0,0.16);;--awb-border-color:var(--awb-color1);--awb-border-radius:8px 8px 8px 8px;--awb-transform:scaleX(1) scaleY(1);--awb-transform-hover:scaleX(1.05) scaleY(1.05);--awb-flex-grow:1;--awb-flex-shrink:0;--awb-flex-grow-medium:0;--awb-flex-shrink-medium:0;--awb-flex-grow-small:0;--awb-flex-shrink-small:0;\"><div class=\"fusion-column-wrapper fusion-column-has-shadow fusion-flex-justify-content-flex-start fusion-content-layout-column\"><div class=\"fusion-image-element \" style=\"text-align:center;--awb-aspect-ratio:16 \/ 9;--awb-caption-title-font-family:var(--h2_typography-font-family);--awb-caption-title-font-weight:var(--h2_typography-font-weight);--awb-caption-title-font-style:var(--h2_typography-font-style);--awb-caption-title-size:var(--h2_typography-font-size);--awb-caption-title-transform:var(--h2_typography-text-transform);--awb-caption-title-line-height:var(--h2_typography-line-height);--awb-caption-title-letter-spacing:var(--h2_typography-letter-spacing);\"><span class=\" fusion-imageframe imageframe-none imageframe-15 hover-type-none has-aspect-ratio blog-post-image\"><a class=\"fusion-no-lightbox\" href=\"https:\/\/enlite.de\/en\/enlite-beim-bdew-treffpunkt-netze-2025\/\" target=\"_self\" aria-label=\"BDEW Treffpunkt Netze 2025\"><img decoding=\"async\" width=\"1494\" height=\"782\" alt=\"Teaserbild BDEW Treffpunkt Netze\" src=\"https:\/\/enlite.de\/wp-content\/uploads\/sites\/6\/2025\/09\/Screenshot-2025-09-12-112731.png\" data-orig-src=\"https:\/\/enlite.de\/wp-content\/uploads\/sites\/6\/2025\/09\/Screenshot-2025-09-12-112731.png\" class=\"lazyload img-responsive wp-image-6687 img-with-aspect-ratio\" data-parent-fit=\"cover\" data-parent-container=\".fusion-image-element\" srcset=\"data:image\/svg+xml,%3Csvg%20xmlns%3D%27http%3A%2F%2Fwww.w3.org%2F2000%2Fsvg%27%20width%3D%271494%27%20height%3D%27782%27%20viewBox%3D%270%200%201494%20782%27%3E%3Crect%20width%3D%271494%27%20height%3D%27782%27%20fill-opacity%3D%220%22%2F%3E%3C%2Fsvg%3E\" data-srcset=\"https:\/\/enlite.de\/wp-content\/uploads\/sites\/6\/2025\/09\/Screenshot-2025-09-12-112731-200x105.png 200w, https:\/\/enlite.de\/wp-content\/uploads\/sites\/6\/2025\/09\/Screenshot-2025-09-12-112731-400x209.png 400w, https:\/\/enlite.de\/wp-content\/uploads\/sites\/6\/2025\/09\/Screenshot-2025-09-12-112731-600x314.png 600w, https:\/\/enlite.de\/wp-content\/uploads\/sites\/6\/2025\/09\/Screenshot-2025-09-12-112731-800x419.png 800w, https:\/\/enlite.de\/wp-content\/uploads\/sites\/6\/2025\/09\/Screenshot-2025-09-12-112731-1200x628.png 1200w, https:\/\/enlite.de\/wp-content\/uploads\/sites\/6\/2025\/09\/Screenshot-2025-09-12-112731.png 1494w\" data-sizes=\"auto\" data-orig-sizes=\"(max-width: 640px) 100vw, 1494px\" \/><\/a><\/span><\/div><div class=\"fusion-builder-row fusion-builder-row-inner fusion-row fusion-flex-align-items-flex-start fusion-flex-justify-content-center fusion-flex-content-wrap\" style=\"--awb-flex-grow:0;--awb-flex-grow-medium:0;--awb-flex-grow-small:0;--awb-flex-shrink:0;--awb-flex-shrink-medium:0;--awb-flex-shrink-small:0;width:104% !important;max-width:104% !important;margin-left: calc(-4% \/ 2 );margin-right: calc(-4% \/ 2 );\"><div class=\"fusion-layout-column fusion_builder_column_inner fusion-builder-nested-column-14 fusion_builder_column_inner_1_1 1_1 fusion-flex-column\" style=\"--awb-padding-right:1em;--awb-padding-left:1em;--awb-bg-size:cover;--awb-width-large:100%;--awb-margin-top-large:8px;--awb-spacing-right-large:1.92%;--awb-margin-bottom-large:0px;--awb-spacing-left-large:1.92%;--awb-width-medium:100%;--awb-order-medium:0;--awb-spacing-right-medium:1.92%;--awb-spacing-left-medium:1.92%;--awb-width-small:100%;--awb-order-small:0;--awb-spacing-right-small:1.92%;--awb-spacing-left-small:1.92%;\"><div class=\"fusion-column-wrapper fusion-column-has-shadow fusion-flex-justify-content-flex-start fusion-content-layout-column\"><div class=\"fusion-text fusion-text-15 fusion-text-no-margin\" style=\"--awb-font-size:14px;--awb-margin-bottom:0px;--awb-text-font-family:&quot;Source Sans 3&quot;;--awb-text-font-style:normal;--awb-text-font-weight:400;\"><p>25. September 2025<\/p>\n<\/div><div class=\"fusion-title title fusion-title-15 fusion-sep-none fusion-title-text fusion-title-size-four\" style=\"--awb-text-color:var(--awb-color3);--awb-margin-bottom:0.1em;--awb-margin-top-small:10px;--awb-margin-right-small:0px;--awb-margin-bottom-small:10px;--awb-margin-left-small:0px;--awb-font-size:22px;\"><h4 class=\"fusion-title-heading title-heading-left fusion-responsive-typography-calculated\" style=\"font-family:&quot;Source Sans 3&quot;;font-style:normal;font-weight:600;margin:0;font-size:1em;--fontSize:22;line-height:1.4;\"><a href=\"https:\/\/enlite.de\/en\/enlite-beim-bdew-treffpunkt-netze-2025\/\" class=\"awb-custom-text-color awb-custom-text-hover-color\" target=\"_self\">ENLITE beim BDEW Treffpunkt Netze 2025<\/a><\/h4><\/div><div class=\"fusion-separator fusion-full-width-sep\" style=\"align-self: center;margin-left: auto;margin-right: auto;margin-top:0.5em;margin-bottom:0.5em;width:100%;\"><div class=\"fusion-separator-border sep-single sep-solid\" style=\"--awb-height:20px;--awb-amount:20px;--awb-sep-color:var(--awb-custom_color_3);border-color:var(--awb-custom_color_3);border-top-width:1px;\"><\/div><\/div><div class=\"fusion-content-tb fusion-content-tb-15\" style=\"--awb-text-font-family:&quot;Source Sans 3&quot;;--awb-text-font-style:normal;--awb-text-font-weight:400;\"><p>Die Netzwirtschaft steht im Zentrum der Energiewende \u2013 smarte, resiliente Infrastrukturen sind der Schl\u00fcssel zur Zukunft. Am 7. und 8. Oktober 2025 findet der BDEW Treffpunkt Netze in Berlin statt [...]<\/p><\/div><\/div><\/div><\/div><\/div><\/li>\n<li class=\"fusion-layout-column fusion_builder_column fusion-builder-column-16 fusion-flex-column blog-post-container post-card fusion-grid-column fusion-post-cards-grid-column\" style=\"--awb-overflow:hidden;--awb-bg-color:var(--awb-color1);--awb-bg-color-hover:var(--awb-color1);--awb-bg-size:cover;--awb-box-shadow:0px 1px 4px 0px rgba(0,0,0,0.16);;--awb-border-color:var(--awb-color1);--awb-border-radius:8px 8px 8px 8px;--awb-transform:scaleX(1) scaleY(1);--awb-transform-hover:scaleX(1.05) scaleY(1.05);--awb-flex-grow:1;--awb-flex-shrink:0;--awb-flex-grow-medium:0;--awb-flex-shrink-medium:0;--awb-flex-grow-small:0;--awb-flex-shrink-small:0;\"><div class=\"fusion-column-wrapper fusion-column-has-shadow fusion-flex-justify-content-flex-start fusion-content-layout-column\"><div class=\"fusion-image-element \" style=\"text-align:center;--awb-aspect-ratio:16 \/ 9;--awb-caption-title-font-family:var(--h2_typography-font-family);--awb-caption-title-font-weight:var(--h2_typography-font-weight);--awb-caption-title-font-style:var(--h2_typography-font-style);--awb-caption-title-size:var(--h2_typography-font-size);--awb-caption-title-transform:var(--h2_typography-text-transform);--awb-caption-title-line-height:var(--h2_typography-line-height);--awb-caption-title-letter-spacing:var(--h2_typography-letter-spacing);\"><span class=\" fusion-imageframe imageframe-none imageframe-16 hover-type-none has-aspect-ratio blog-post-image\"><a class=\"fusion-no-lightbox\" href=\"https:\/\/enlite.de\/en\/enlite-beim-karrieretag-berlin-2025\/\" target=\"_self\" aria-label=\"Karrieretag Berlin 1.10.25\"><img decoding=\"async\" width=\"800\" height=\"250\" alt=\"Ausstellerbanner Karrieretag Berlin 1.10.25\" src=\"https:\/\/enlite.de\/wp-content\/uploads\/sites\/6\/2025\/09\/ausstellerbanner-berlin-02-2025-800x250px.jpg\" data-orig-src=\"https:\/\/enlite.de\/wp-content\/uploads\/sites\/6\/2025\/09\/ausstellerbanner-berlin-02-2025-800x250px.jpg\" class=\"lazyload img-responsive wp-image-6700 img-with-aspect-ratio\" data-parent-fit=\"cover\" data-parent-container=\".fusion-image-element\" srcset=\"data:image\/svg+xml,%3Csvg%20xmlns%3D%27http%3A%2F%2Fwww.w3.org%2F2000%2Fsvg%27%20width%3D%27800%27%20height%3D%27250%27%20viewBox%3D%270%200%20800%20250%27%3E%3Crect%20width%3D%27800%27%20height%3D%27250%27%20fill-opacity%3D%220%22%2F%3E%3C%2Fsvg%3E\" data-srcset=\"https:\/\/enlite.de\/wp-content\/uploads\/sites\/6\/2025\/09\/ausstellerbanner-berlin-02-2025-800x250px-200x63.jpg 200w, https:\/\/enlite.de\/wp-content\/uploads\/sites\/6\/2025\/09\/ausstellerbanner-berlin-02-2025-800x250px-400x125.jpg 400w, https:\/\/enlite.de\/wp-content\/uploads\/sites\/6\/2025\/09\/ausstellerbanner-berlin-02-2025-800x250px-600x188.jpg 600w, https:\/\/enlite.de\/wp-content\/uploads\/sites\/6\/2025\/09\/ausstellerbanner-berlin-02-2025-800x250px.jpg 800w\" data-sizes=\"auto\" data-orig-sizes=\"(max-width: 640px) 100vw, 800px\" \/><\/a><\/span><\/div><div class=\"fusion-builder-row fusion-builder-row-inner fusion-row fusion-flex-align-items-flex-start fusion-flex-justify-content-center fusion-flex-content-wrap\" style=\"--awb-flex-grow:0;--awb-flex-grow-medium:0;--awb-flex-grow-small:0;--awb-flex-shrink:0;--awb-flex-shrink-medium:0;--awb-flex-shrink-small:0;width:104% !important;max-width:104% !important;margin-left: calc(-4% \/ 2 );margin-right: calc(-4% \/ 2 );\"><div class=\"fusion-layout-column fusion_builder_column_inner fusion-builder-nested-column-15 fusion_builder_column_inner_1_1 1_1 fusion-flex-column\" style=\"--awb-padding-right:1em;--awb-padding-left:1em;--awb-bg-size:cover;--awb-width-large:100%;--awb-margin-top-large:8px;--awb-spacing-right-large:1.92%;--awb-margin-bottom-large:0px;--awb-spacing-left-large:1.92%;--awb-width-medium:100%;--awb-order-medium:0;--awb-spacing-right-medium:1.92%;--awb-spacing-left-medium:1.92%;--awb-width-small:100%;--awb-order-small:0;--awb-spacing-right-small:1.92%;--awb-spacing-left-small:1.92%;\"><div class=\"fusion-column-wrapper fusion-column-has-shadow fusion-flex-justify-content-flex-start fusion-content-layout-column\"><div class=\"fusion-text fusion-text-16 fusion-text-no-margin\" style=\"--awb-font-size:14px;--awb-margin-bottom:0px;--awb-text-font-family:&quot;Source Sans 3&quot;;--awb-text-font-style:normal;--awb-text-font-weight:400;\"><p>18. September 2025<\/p>\n<\/div><div class=\"fusion-title title fusion-title-16 fusion-sep-none fusion-title-text fusion-title-size-four\" style=\"--awb-text-color:var(--awb-color3);--awb-margin-bottom:0.1em;--awb-margin-top-small:10px;--awb-margin-right-small:0px;--awb-margin-bottom-small:10px;--awb-margin-left-small:0px;--awb-font-size:22px;\"><h4 class=\"fusion-title-heading title-heading-left fusion-responsive-typography-calculated\" style=\"font-family:&quot;Source Sans 3&quot;;font-style:normal;font-weight:600;margin:0;font-size:1em;--fontSize:22;line-height:1.4;\"><a href=\"https:\/\/enlite.de\/en\/enlite-beim-karrieretag-berlin-2025\/\" class=\"awb-custom-text-color awb-custom-text-hover-color\" target=\"_self\">ENLITE beim Karrieretag Berlin 2025 \u2013 Jetzt vorbeikommen und durchstarten<\/a><\/h4><\/div><div class=\"fusion-separator fusion-full-width-sep\" style=\"align-self: center;margin-left: auto;margin-right: auto;margin-top:0.5em;margin-bottom:0.5em;width:100%;\"><div class=\"fusion-separator-border sep-single sep-solid\" style=\"--awb-height:20px;--awb-amount:20px;--awb-sep-color:var(--awb-custom_color_3);border-color:var(--awb-custom_color_3);border-top-width:1px;\"><\/div><\/div><div class=\"fusion-content-tb fusion-content-tb-16\" style=\"--awb-text-font-family:&quot;Source Sans 3&quot;;--awb-text-font-style:normal;--awb-text-font-weight:400;\"><p>Du m\u00f6chtest den n\u00e4chsten Schritt in deiner beruflichen Entwicklung gehen? Dann besuche uns am 1. Oktober 2025 auf dem Karrieretag Berlin im Estrel Berlin. Wir von ENLITE freuen uns darauf, [...]<\/p><\/div><\/div><\/div><\/div><\/div><\/li>\n<li class=\"fusion-layout-column fusion_builder_column fusion-builder-column-17 fusion-flex-column blog-post-container post-card fusion-grid-column fusion-post-cards-grid-column\" style=\"--awb-overflow:hidden;--awb-bg-color:var(--awb-color1);--awb-bg-color-hover:var(--awb-color1);--awb-bg-size:cover;--awb-box-shadow:0px 1px 4px 0px rgba(0,0,0,0.16);;--awb-border-color:var(--awb-color1);--awb-border-radius:8px 8px 8px 8px;--awb-transform:scaleX(1) scaleY(1);--awb-transform-hover:scaleX(1.05) scaleY(1.05);--awb-flex-grow:1;--awb-flex-shrink:0;--awb-flex-grow-medium:0;--awb-flex-shrink-medium:0;--awb-flex-grow-small:0;--awb-flex-shrink-small:0;\"><div class=\"fusion-column-wrapper fusion-column-has-shadow fusion-flex-justify-content-flex-start fusion-content-layout-column\"><div class=\"fusion-image-element \" style=\"text-align:center;--awb-aspect-ratio:16 \/ 9;--awb-caption-title-font-family:var(--h2_typography-font-family);--awb-caption-title-font-weight:var(--h2_typography-font-weight);--awb-caption-title-font-style:var(--h2_typography-font-style);--awb-caption-title-size:var(--h2_typography-font-size);--awb-caption-title-transform:var(--h2_typography-text-transform);--awb-caption-title-line-height:var(--h2_typography-line-height);--awb-caption-title-letter-spacing:var(--h2_typography-letter-spacing);\"><span class=\" fusion-imageframe imageframe-none imageframe-17 hover-type-none has-aspect-ratio blog-post-image\"><a class=\"fusion-no-lightbox\" href=\"https:\/\/enlite.de\/en\/2-enlite-training-day-2025\/\" target=\"_self\" aria-label=\"2. Training Day ENLITE\"><img decoding=\"async\" width=\"900\" height=\"500\" alt=\"Gruppenbild Training Day\" src=\"https:\/\/enlite.de\/wp-content\/uploads\/sites\/6\/2025\/09\/2.-Training-Day-ENLITE.png\" data-orig-src=\"https:\/\/enlite.de\/wp-content\/uploads\/sites\/6\/2025\/09\/2.-Training-Day-ENLITE.png\" class=\"lazyload img-responsive wp-image-6710 img-with-aspect-ratio\" data-parent-fit=\"cover\" data-parent-container=\".fusion-image-element\" srcset=\"data:image\/svg+xml,%3Csvg%20xmlns%3D%27http%3A%2F%2Fwww.w3.org%2F2000%2Fsvg%27%20width%3D%27900%27%20height%3D%27500%27%20viewBox%3D%270%200%20900%20500%27%3E%3Crect%20width%3D%27900%27%20height%3D%27500%27%20fill-opacity%3D%220%22%2F%3E%3C%2Fsvg%3E\" data-srcset=\"https:\/\/enlite.de\/wp-content\/uploads\/sites\/6\/2025\/09\/2.-Training-Day-ENLITE-200x111.png 200w, https:\/\/enlite.de\/wp-content\/uploads\/sites\/6\/2025\/09\/2.-Training-Day-ENLITE-400x222.png 400w, https:\/\/enlite.de\/wp-content\/uploads\/sites\/6\/2025\/09\/2.-Training-Day-ENLITE-600x333.png 600w, https:\/\/enlite.de\/wp-content\/uploads\/sites\/6\/2025\/09\/2.-Training-Day-ENLITE-800x444.png 800w, https:\/\/enlite.de\/wp-content\/uploads\/sites\/6\/2025\/09\/2.-Training-Day-ENLITE.png 900w\" data-sizes=\"auto\" data-orig-sizes=\"(max-width: 640px) 100vw, 900px\" \/><\/a><\/span><\/div><div class=\"fusion-builder-row fusion-builder-row-inner fusion-row fusion-flex-align-items-flex-start fusion-flex-justify-content-center fusion-flex-content-wrap\" style=\"--awb-flex-grow:0;--awb-flex-grow-medium:0;--awb-flex-grow-small:0;--awb-flex-shrink:0;--awb-flex-shrink-medium:0;--awb-flex-shrink-small:0;width:104% !important;max-width:104% !important;margin-left: calc(-4% \/ 2 );margin-right: calc(-4% \/ 2 );\"><div class=\"fusion-layout-column fusion_builder_column_inner fusion-builder-nested-column-16 fusion_builder_column_inner_1_1 1_1 fusion-flex-column\" style=\"--awb-padding-right:1em;--awb-padding-left:1em;--awb-bg-size:cover;--awb-width-large:100%;--awb-margin-top-large:8px;--awb-spacing-right-large:1.92%;--awb-margin-bottom-large:0px;--awb-spacing-left-large:1.92%;--awb-width-medium:100%;--awb-order-medium:0;--awb-spacing-right-medium:1.92%;--awb-spacing-left-medium:1.92%;--awb-width-small:100%;--awb-order-small:0;--awb-spacing-right-small:1.92%;--awb-spacing-left-small:1.92%;\"><div class=\"fusion-column-wrapper fusion-column-has-shadow fusion-flex-justify-content-flex-start fusion-content-layout-column\"><div class=\"fusion-text fusion-text-17 fusion-text-no-margin\" style=\"--awb-font-size:14px;--awb-margin-bottom:0px;--awb-text-font-family:&quot;Source Sans 3&quot;;--awb-text-font-style:normal;--awb-text-font-weight:400;\"><p>16. September 2025<\/p>\n<\/div><div class=\"fusion-title title fusion-title-17 fusion-sep-none fusion-title-text fusion-title-size-four\" style=\"--awb-text-color:var(--awb-color3);--awb-margin-bottom:0.1em;--awb-margin-top-small:10px;--awb-margin-right-small:0px;--awb-margin-bottom-small:10px;--awb-margin-left-small:0px;--awb-font-size:22px;\"><h4 class=\"fusion-title-heading title-heading-left fusion-responsive-typography-calculated\" style=\"font-family:&quot;Source Sans 3&quot;;font-style:normal;font-weight:600;margin:0;font-size:1em;--fontSize:22;line-height:1.4;\"><a href=\"https:\/\/enlite.de\/en\/2-enlite-training-day-2025\/\" class=\"awb-custom-text-color awb-custom-text-hover-color\" target=\"_self\">2. ENLITE Training Day 2025 in Berlin<\/a><\/h4><\/div><div class=\"fusion-separator fusion-full-width-sep\" style=\"align-self: center;margin-left: auto;margin-right: auto;margin-top:0.5em;margin-bottom:0.5em;width:100%;\"><div class=\"fusion-separator-border sep-single sep-solid\" style=\"--awb-height:20px;--awb-amount:20px;--awb-sep-color:var(--awb-custom_color_3);border-color:var(--awb-custom_color_3);border-top-width:1px;\"><\/div><\/div><div class=\"fusion-content-tb fusion-content-tb-17\" style=\"--awb-text-font-family:&quot;Source Sans 3&quot;;--awb-text-font-style:normal;--awb-text-font-weight:400;\"><p> Wissen, Austausch und Teamspirit im Strandbad Jungfernheide in Berlin Anfang September fand der zweite ENLITE Training Day 2025 im Strandbad Jungfernheide in Berlin statt. Das Programm war dicht gef\u00fcllt: [...]<\/p><\/div><\/div><\/div><\/div><\/div><\/li>\n<li class=\"fusion-layout-column fusion_builder_column fusion-builder-column-18 fusion-flex-column blog-post-container post-card fusion-grid-column fusion-post-cards-grid-column\" style=\"--awb-overflow:hidden;--awb-bg-color:var(--awb-color1);--awb-bg-color-hover:var(--awb-color1);--awb-bg-size:cover;--awb-box-shadow:0px 1px 4px 0px rgba(0,0,0,0.16);;--awb-border-color:var(--awb-color1);--awb-border-radius:8px 8px 8px 8px;--awb-transform:scaleX(1) scaleY(1);--awb-transform-hover:scaleX(1.05) scaleY(1.05);--awb-flex-grow:1;--awb-flex-shrink:0;--awb-flex-grow-medium:0;--awb-flex-shrink-medium:0;--awb-flex-grow-small:0;--awb-flex-shrink-small:0;\"><div class=\"fusion-column-wrapper fusion-column-has-shadow fusion-flex-justify-content-flex-start fusion-content-layout-column\"><div class=\"fusion-image-element \" style=\"text-align:center;--awb-aspect-ratio:16 \/ 9;--awb-caption-title-font-family:var(--h2_typography-font-family);--awb-caption-title-font-weight:var(--h2_typography-font-weight);--awb-caption-title-font-style:var(--h2_typography-font-style);--awb-caption-title-size:var(--h2_typography-font-size);--awb-caption-title-transform:var(--h2_typography-text-transform);--awb-caption-title-line-height:var(--h2_typography-line-height);--awb-caption-title-letter-spacing:var(--h2_typography-letter-spacing);\"><span class=\" fusion-imageframe imageframe-none imageframe-18 hover-type-none has-aspect-ratio blog-post-image\"><a class=\"fusion-no-lightbox\" href=\"https:\/\/enlite.de\/en\/enlite-beim-mopo-team-staffellauf-2025-in-hamburg\/\" target=\"_self\" aria-label=\"Teamfoto MOPO Staffellauf 2025\"><img decoding=\"async\" width=\"756\" height=\"500\" alt=\"Sinnbild Teamfoto MOPO Staffellauf 2025\" src=\"https:\/\/enlite.de\/wp-content\/uploads\/sites\/6\/2025\/08\/Website-Foto-Staffellauf-2025.png\" data-orig-src=\"https:\/\/enlite.de\/wp-content\/uploads\/sites\/6\/2025\/08\/Website-Foto-Staffellauf-2025.png\" class=\"lazyload img-responsive wp-image-6669 img-with-aspect-ratio\" data-parent-fit=\"cover\" data-parent-container=\".fusion-image-element\" srcset=\"data:image\/svg+xml,%3Csvg%20xmlns%3D%27http%3A%2F%2Fwww.w3.org%2F2000%2Fsvg%27%20width%3D%27756%27%20height%3D%27500%27%20viewBox%3D%270%200%20756%20500%27%3E%3Crect%20width%3D%27756%27%20height%3D%27500%27%20fill-opacity%3D%220%22%2F%3E%3C%2Fsvg%3E\" data-srcset=\"https:\/\/enlite.de\/wp-content\/uploads\/sites\/6\/2025\/08\/Website-Foto-Staffellauf-2025-200x132.png 200w, https:\/\/enlite.de\/wp-content\/uploads\/sites\/6\/2025\/08\/Website-Foto-Staffellauf-2025-400x265.png 400w, https:\/\/enlite.de\/wp-content\/uploads\/sites\/6\/2025\/08\/Website-Foto-Staffellauf-2025-600x397.png 600w, https:\/\/enlite.de\/wp-content\/uploads\/sites\/6\/2025\/08\/Website-Foto-Staffellauf-2025.png 756w\" data-sizes=\"auto\" data-orig-sizes=\"(max-width: 640px) 100vw, 756px\" \/><\/a><\/span><\/div><div class=\"fusion-builder-row fusion-builder-row-inner fusion-row fusion-flex-align-items-flex-start fusion-flex-justify-content-center fusion-flex-content-wrap\" style=\"--awb-flex-grow:0;--awb-flex-grow-medium:0;--awb-flex-grow-small:0;--awb-flex-shrink:0;--awb-flex-shrink-medium:0;--awb-flex-shrink-small:0;width:104% !important;max-width:104% !important;margin-left: calc(-4% \/ 2 );margin-right: calc(-4% \/ 2 );\"><div class=\"fusion-layout-column fusion_builder_column_inner fusion-builder-nested-column-17 fusion_builder_column_inner_1_1 1_1 fusion-flex-column\" style=\"--awb-padding-right:1em;--awb-padding-left:1em;--awb-bg-size:cover;--awb-width-large:100%;--awb-margin-top-large:8px;--awb-spacing-right-large:1.92%;--awb-margin-bottom-large:0px;--awb-spacing-left-large:1.92%;--awb-width-medium:100%;--awb-order-medium:0;--awb-spacing-right-medium:1.92%;--awb-spacing-left-medium:1.92%;--awb-width-small:100%;--awb-order-small:0;--awb-spacing-right-small:1.92%;--awb-spacing-left-small:1.92%;\"><div class=\"fusion-column-wrapper fusion-column-has-shadow fusion-flex-justify-content-flex-start fusion-content-layout-column\"><div class=\"fusion-text fusion-text-18 fusion-text-no-margin\" style=\"--awb-font-size:14px;--awb-margin-bottom:0px;--awb-text-font-family:&quot;Source Sans 3&quot;;--awb-text-font-style:normal;--awb-text-font-weight:400;\"><p>29. August 2025<\/p>\n<\/div><div class=\"fusion-title title fusion-title-18 fusion-sep-none fusion-title-text fusion-title-size-four\" style=\"--awb-text-color:var(--awb-color3);--awb-margin-bottom:0.1em;--awb-margin-top-small:10px;--awb-margin-right-small:0px;--awb-margin-bottom-small:10px;--awb-margin-left-small:0px;--awb-font-size:22px;\"><h4 class=\"fusion-title-heading title-heading-left fusion-responsive-typography-calculated\" style=\"font-family:&quot;Source Sans 3&quot;;font-style:normal;font-weight:600;margin:0;font-size:1em;--fontSize:22;line-height:1.4;\"><a href=\"https:\/\/enlite.de\/en\/enlite-beim-mopo-team-staffellauf-2025-in-hamburg\/\" class=\"awb-custom-text-color awb-custom-text-hover-color\" target=\"_self\">ENLITE beim MOPO Team-Staffellauf 2025 im Hamburger Stadtpark<\/a><\/h4><\/div><div class=\"fusion-separator fusion-full-width-sep\" style=\"align-self: center;margin-left: auto;margin-right: auto;margin-top:0.5em;margin-bottom:0.5em;width:100%;\"><div class=\"fusion-separator-border sep-single sep-solid\" style=\"--awb-height:20px;--awb-amount:20px;--awb-sep-color:var(--awb-custom_color_3);border-color:var(--awb-custom_color_3);border-top-width:1px;\"><\/div><\/div><div class=\"fusion-content-tb fusion-content-tb-18\" style=\"--awb-text-font-family:&quot;Source Sans 3&quot;;--awb-text-font-style:normal;--awb-text-font-weight:400;\"><p> Am 27. August 2025 nahm ein f\u00fcnfk\u00f6pfiges Team von ENLITE am traditionsreichen MOPO Team-Staffellauf im Hamburger Stadtpark teil. Bei dem beliebten Firmen- und Vereinslauf, der l\u00e4ngst Kultstatus erreicht hat, [...]<\/p><\/div><\/div><\/div><\/div><\/div><\/li>\n<\/ul><div class=\"pagination clearfix\"><span class=\"current\">1<\/span><a href=\"https:\/\/enlite.de\/en\/wp-json\/wp\/v2\/pages\/2872\/page\/2\/\" class=\"inactive\">2<\/a><a class=\"pagination-next\" rel=\"next\" href=\"https:\/\/enlite.de\/en\/wp-json\/wp\/v2\/pages\/2872\/page\/2\/\"><span class=\"page-text\">Next<\/span><span class=\"page-next\"><\/span><\/a><\/div><div class=\"fusion-clearfix\"><\/div><\/div><\/div><\/div><\/div><\/div>\n","protected":false},"excerpt":{"rendered":"","protected":false},"author":3,"featured_media":0,"parent":0,"menu_order":0,"comment_status":"closed","ping_status":"closed","template":"","meta":{"footnotes":""},"class_list":["post-2872","page","type-page","status-publish","hentry"],"yoast_head":"<!-- This site is optimized with the Yoast SEO plugin v27.5 - https:\/\/yoast.com\/product\/yoast-seo-wordpress\/ -->\n<title>Aktuelles - ENLITE Management and Engineering<\/title>\n<meta name=\"description\" content=\"Aktuelles von ENLITE, zu Projektmanagement-Themen und Neuigkeiten aus der Energiewirtschaft. Wir halten Sie auf dem Laufenden!\" \/>\n<meta name=\"robots\" content=\"index, follow, max-snippet:-1, max-image-preview:large, max-video-preview:-1\" \/>\n<link rel=\"canonical\" href=\"https:\/\/enlite.de\/en\/aktuelles\/\" \/>\n<meta property=\"og:locale\" content=\"en_US\" \/>\n<meta property=\"og:type\" content=\"article\" \/>\n<meta property=\"og:title\" content=\"Aktuelles - ENLITE Management and Engineering\" \/>\n<meta property=\"og:description\" content=\"Aktuelles von ENLITE, zu Projektmanagement-Themen und Neuigkeiten aus der Energiewirtschaft. Wir halten Sie auf dem Laufenden!\" \/>\n<meta property=\"og:url\" content=\"https:\/\/enlite.de\/en\/aktuelles\/\" \/>\n<meta property=\"og:site_name\" content=\"ENLITE Management and Engineering\" \/>\n<meta property=\"article:modified_time\" content=\"2025-01-23T10:31:02+00:00\" \/>\n<meta name=\"twitter:card\" content=\"summary_large_image\" \/>\n<meta name=\"twitter:label1\" content=\"Est. reading time\" \/>\n\t<meta name=\"twitter:data1\" content=\"7 minutes\" \/>\n<script type=\"application\/ld+json\" class=\"yoast-schema-graph\">{\"@context\":\"https:\\\/\\\/schema.org\",\"@graph\":[{\"@type\":[\"WebPage\",\"CollectionPage\"],\"@id\":\"https:\\\/\\\/enlite.de\\\/aktuelles\\\/\",\"url\":\"https:\\\/\\\/enlite.de\\\/aktuelles\\\/\",\"name\":\"Aktuelles - ENLITE Management and Engineering\",\"isPartOf\":{\"@id\":\"https:\\\/\\\/enlite.de\\\/#website\"},\"datePublished\":\"2024-07-23T08:44:53+00:00\",\"dateModified\":\"2025-01-23T10:31:02+00:00\",\"description\":\"Aktuelles von ENLITE, zu Projektmanagement-Themen und Neuigkeiten aus der Energiewirtschaft. Wir halten Sie auf dem Laufenden!\",\"breadcrumb\":{\"@id\":\"https:\\\/\\\/enlite.de\\\/aktuelles\\\/#breadcrumb\"},\"inLanguage\":\"en-US\"},{\"@type\":\"BreadcrumbList\",\"@id\":\"https:\\\/\\\/enlite.de\\\/aktuelles\\\/#breadcrumb\",\"itemListElement\":[{\"@type\":\"ListItem\",\"position\":1,\"name\":\"Startseite\",\"item\":\"https:\\\/\\\/enlite.de\\\/\"},{\"@type\":\"ListItem\",\"position\":2,\"name\":\"Aktuelles\"}]},{\"@type\":\"WebSite\",\"@id\":\"https:\\\/\\\/enlite.de\\\/#website\",\"url\":\"https:\\\/\\\/enlite.de\\\/\",\"name\":\"ENLITE Management and Engineering\",\"description\":\"\",\"potentialAction\":[{\"@type\":\"SearchAction\",\"target\":{\"@type\":\"EntryPoint\",\"urlTemplate\":\"https:\\\/\\\/enlite.de\\\/?s={search_term_string}\"},\"query-input\":{\"@type\":\"PropertyValueSpecification\",\"valueRequired\":true,\"valueName\":\"search_term_string\"}}],\"inLanguage\":\"en-US\"}]}<\/script>\n<!-- \/ Yoast SEO plugin. -->","yoast_head_json":{"title":"Aktuelles - ENLITE Management and Engineering","description":"Aktuelles von ENLITE, zu Projektmanagement-Themen und Neuigkeiten aus der Energiewirtschaft. Wir halten Sie auf dem Laufenden!","robots":{"index":"index","follow":"follow","max-snippet":"max-snippet:-1","max-image-preview":"max-image-preview:large","max-video-preview":"max-video-preview:-1"},"canonical":"https:\/\/enlite.de\/en\/aktuelles\/","og_locale":"en_US","og_type":"article","og_title":"Aktuelles - ENLITE Management and Engineering","og_description":"Aktuelles von ENLITE, zu Projektmanagement-Themen und Neuigkeiten aus der Energiewirtschaft. Wir halten Sie auf dem Laufenden!","og_url":"https:\/\/enlite.de\/en\/aktuelles\/","og_site_name":"ENLITE Management and Engineering","article_modified_time":"2025-01-23T10:31:02+00:00","twitter_card":"summary_large_image","twitter_misc":{"Est. reading time":"7 minutes"},"schema":{"@context":"https:\/\/schema.org","@graph":[{"@type":["WebPage","CollectionPage"],"@id":"https:\/\/enlite.de\/aktuelles\/","url":"https:\/\/enlite.de\/aktuelles\/","name":"Aktuelles - ENLITE Management and Engineering","isPartOf":{"@id":"https:\/\/enlite.de\/#website"},"datePublished":"2024-07-23T08:44:53+00:00","dateModified":"2025-01-23T10:31:02+00:00","description":"Aktuelles von ENLITE, zu Projektmanagement-Themen und Neuigkeiten aus der Energiewirtschaft. Wir halten Sie auf dem Laufenden!","breadcrumb":{"@id":"https:\/\/enlite.de\/aktuelles\/#breadcrumb"},"inLanguage":"en-US"},{"@type":"BreadcrumbList","@id":"https:\/\/enlite.de\/aktuelles\/#breadcrumb","itemListElement":[{"@type":"ListItem","position":1,"name":"Startseite","item":"https:\/\/enlite.de\/"},{"@type":"ListItem","position":2,"name":"Aktuelles"}]},{"@type":"WebSite","@id":"https:\/\/enlite.de\/#website","url":"https:\/\/enlite.de\/","name":"ENLITE Management and Engineering","description":"","potentialAction":[{"@type":"SearchAction","target":{"@type":"EntryPoint","urlTemplate":"https:\/\/enlite.de\/?s={search_term_string}"},"query-input":{"@type":"PropertyValueSpecification","valueRequired":true,"valueName":"search_term_string"}}],"inLanguage":"en-US"}]}},"_links":{"self":[{"href":"https:\/\/enlite.de\/en\/wp-json\/wp\/v2\/pages\/2872","targetHints":{"allow":["GET"]}}],"collection":[{"href":"https:\/\/enlite.de\/en\/wp-json\/wp\/v2\/pages"}],"about":[{"href":"https:\/\/enlite.de\/en\/wp-json\/wp\/v2\/types\/page"}],"author":[{"embeddable":true,"href":"https:\/\/enlite.de\/en\/wp-json\/wp\/v2\/users\/3"}],"replies":[{"embeddable":true,"href":"https:\/\/enlite.de\/en\/wp-json\/wp\/v2\/comments?post=2872"}],"version-history":[{"count":14,"href":"https:\/\/enlite.de\/en\/wp-json\/wp\/v2\/pages\/2872\/revisions"}],"predecessor-version":[{"id":5954,"href":"https:\/\/enlite.de\/en\/wp-json\/wp\/v2\/pages\/2872\/revisions\/5954"}],"wp:attachment":[{"href":"https:\/\/enlite.de\/en\/wp-json\/wp\/v2\/media?parent=2872"}],"curies":[{"name":"wp","href":"https:\/\/api.w.org\/{rel}","templated":true}]}}